{"id":9128,"date":"2018-09-04T13:14:41","date_gmt":"2018-09-04T11:14:41","guid":{"rendered":"https:\/\/siemck.pl\/?page_id=9128"},"modified":"2025-09-11T10:02:28","modified_gmt":"2025-09-11T08:02:28","slug":"zajecia-2","status":"publish","type":"page","link":"https:\/\/www.siemck.pl\/zajecia-2\/","title":{"rendered":"Zaj\u0119cia"},"content":{"rendered":"<h3><strong>Zapraszamy na zaj\u0119cia sekcji Siemianowickiego Centrum Kultury w roku szkolnym 2025\/2026:<\/strong><\/h3>\n<p>Wszelkie informacje uzyskaj\u0105 Pa\u0144stwo pod nr telefonu:<\/p>\n<p>&#x1f4de; zaj\u0119cia odbywaj\u0105ce si\u0119 w SCK Bytk\u00f3w: 32\/228 72 80 wew. 19<\/p>\n<p>&#x1f4de; zaj\u0119cia odbywaj\u0105ce si\u0119 w SCK Zameczek: 32\/204 11 27<\/p>\n<p>&nbsp;<\/p>\n<p>&#x1f7e2; SCK Bytk\u00f3w:<\/p>\n<p><strong>Zapraszamy do rejestrowania si\u0119 w systemie zaj\u0119ciowym\u00a0<a role=\"link\" href=\"https:\/\/sck.systemzajeciowy.pl\/\">https:\/\/sck.systemzajeciowy.pl<\/a>\u00a0na zaj\u0119cia artystyczne planowane w SCK- Bytk\u00f3w ul. Niepodleg\u0142o\u015bci 45 w nowym roku szkolnym<\/strong><\/p>\n<p>We wrze\u015bniu organizujemy spotkania informacyjne i zaj\u0119cia pr\u00f3bne. Regularne pr\u00f3by ruszaj\u0105 od pa\u017adziernika.<\/p>\n<p>Wszystkich, chc\u0105cych \u00a0\u00a0rozpocz\u0105\u0107 \u00a0lub kontynuowa\u0107 udzia\u0142 w zaj\u0119ciach, zapraszamy na pierwsze spotkanie informacyjne:<\/p>\n<p>Zesp\u00f3\u0142 taneczny \u201eGroszki\u201d \u2013 22 wrze\u015bnia (poniedzia\u0142ek), godz. 17.00, sala baletowa<\/p>\n<p>Zesp\u00f3\u0142 taneczny \u201eFlesz Junior\u201d \u2013 19 \u00a0wrze\u015bnia (pi\u0105tek), godz. 17.00, sala baletowa<\/p>\n<p>Zesp\u00f3\u0142 taneczny \u201eFlesz\u201d \u2013 19 wrze\u015bnia (pi\u0105tek), godz. 17.00, sala baletowa<\/p>\n<p>Zesp\u00f3\u0142 taneczny \u201eAbstrakcja\u201d \u2013 10 wrze\u015bnia (\u015broda), godz. 16.30, sala baletowa<\/p>\n<p>Studium Wokalne \u2013 \u00a018 wrze\u015bnia (czwartek), godz. 16.00, sala baletowa<\/p>\n<p>Pracownia Plastyczna OKIENKO \u2013 11 wrze\u015bnia (czwartek),\u00a0 godz. 18.00, sala widowiskowa<\/p>\n<p>Zapisy i informacje: \u00a0Siemianowicka Szko\u0142a Gitary \u2013 \u00a0tel. 501 715 769, akrobatyka sportowa \u2013 tel. 733 148 999<\/p>\n<p><strong><u>Sekcje SCK- BYTK\u00d3W\u00a0 2025\/2026 \u2013 pobierz tabelk\u0119 ze szczeg\u00f3\u0142owymi informacjami:<\/u><\/strong><\/p>\n<p><a role=\"link\" href=\"https:\/\/www.siemck.pl\/wp-content\/uploads\/Sekcje-SCK-Bytkow-2025-.pdf\">Sekcje SCK \u2013 Bytk\u00f3w 2025<\/a><\/p>\n<p>&nbsp;<\/p>\n<p>&#x1f7e1;SCK Zameczek:<\/p>\n<p><strong>Zapraszamy do rejestrowania si\u0119 w systemie zaj\u0119ciowym\u00a0<a href=\"https:\/\/sck.systemzajeciowy.pl\/\">https:\/\/sck.systemzajeciowy.pl<\/a>\u00a0na zaj\u0119cia artystyczne w SCK- Zameczek ul. O\u015bwi\u0119cimska 1 w nowym roku szkolnym.<\/strong><\/p>\n<p>Wszystkich, chc\u0105cych\u00a0rozpocz\u0105\u0107 lub kontynuowa\u0107 udzia\u0142 w zaj\u0119ciach, zapraszamy na pierwsze spotkanie informacyjne:<\/p>\n<p>Zesp\u00f3\u0142 taneczny \u201eLittle Stars\u201d \u2013 22 wrze\u015bnia (poniedzia\u0142ek), godz. 17.00, sala lustrzana<\/p>\n<p>Zesp\u00f3\u0142 taneczny \u201eTip Top\u201d \u2013 22 wrze\u015bnia (poniedzia\u0142ek), godz. 17.00, sala lustrzana<\/p>\n<p>Zesp\u00f3\u0142 taneczny \u201eLejdis+\u201d \u2013 22 wrze\u015bnia (poniedzia\u0142ek), godz. 17.00, sala lustrzana<\/p>\n<p>Zesp\u00f3\u0142 taneczny \u201eIskierki\u201d \u2013 23 wrze\u015bnia (wtorek), godz. 17.30, sala lustrzana<\/p>\n<p>Zesp\u00f3\u0142 taneczny \u201eMotylki\u201d \u2013 23 wrze\u015bnia (wtorek), godz. 17.30, sala lustrzana<\/p>\n<p>Pracownia plastyczna NA WINKLU \u2013 22 wrze\u015bnia (poniedzia\u0142ek), godz. 18.00, sala lustrzana<\/p>\n<p>Pracownia ceramiczna \u2013 informacje wkr\u00f3tce<\/p>\n<p>Indywidualne lekcje \u015bpiewu &#8211; informacje wkr\u00f3tce<\/p>\n<p>Siemianowicka Szko\u0142a Gitary \u2013 \u00a0tel. 501 715 769<\/p>\n<p><a href=\"https:\/\/www.siemck.pl\/wp-content\/uploads\/SEKCJE-2025.2026-SCK-Zameczek.pdf\">SEKCJE 2025.2026 SCK Zameczek<\/a><\/p>\n<p>&#x1f7e0;SCK Park Tradycji:<\/p>\n<p>Wszystkich, chc\u0105cych rozpocz\u0105\u0107 lub kontynuowa\u0107 przygod\u0119 z zaj\u0119ciami sekcyjnymi w Parku Tradycji, zapraszamy na pierwsze spotkanie informacyjne:<\/p>\n<ul>\n<li>\u015arubki \u2013 grupa teatralna dzieci.<br \/>\nPierwsze zaj\u0119cia:\u00a0<strong>6 pa\u017adziernika (poniedzia\u0142ek), godz. 17.30 \u2013 19.00<br \/>\n<\/strong><strong>Sala Widowiskowa<br \/>\n<\/strong><strong>Kolejne: 13, 20, 27 pa\u017adziernika (poniedzia\u0142ek),\u00a0<\/strong><strong>godz. 17.30 \u2013 19.00<br \/>\n<\/strong>Liczba miejsc ograniczona, wymagane wcze\u015bniejsze zapisy, op\u0142ata 120 z\u0142\/ mc.<\/li>\n<\/ul>\n<p>Zapraszamy do rejestrowania si\u0119 w systemie zaj\u0119ciowym <a href=\"https:\/\/sck.systemzajeciowy.pl\">https:\/\/sck.systemzajeciowy.pl<\/a> na zaj\u0119cia planowane w SCK- Park Tradycji ul. Orzeszkowej 12.<\/p>\n<ul>\n<li>Robotyka dla dzieci<br \/>\nPierwsze zaj\u0119cia:\u00a0<strong>7 pa\u017adziernika, godz. 17.30 \u2013 18.30<br \/>\n<\/strong><strong>Ma\u0142a Scena<br \/>\n<\/strong><strong>Kolejne: 14, 21, 28 pa\u017adziernika (wtorek), godz. 17.30 \u2013 18.30<br \/>\n<\/strong>Liczba miejsc ograniczona, wymagane wcze\u015bniejsze zapisy, op\u0142ata 130 z\u0142\/mc.<\/li>\n<\/ul>\n<p>Rejestracja na zaj\u0119cia z robotyki: <a href=\"https:\/\/g4r.pl\/BZQAJ\">https:\/\/g4r.pl\/BZQAJ<\/a><\/p>\n","protected":false},"excerpt":{"rendered":"<p>Zapraszamy na zaj\u0119cia sekcji Siemianowickiego Centrum Kultury w roku szkolnym 2025\/2026: Wszelkie informacje uzyskaj\u0105 Pa\u0144stwo pod nr telefonu: &#x1f4de; zaj\u0119cia odbywaj\u0105ce si\u0119 w SCK Bytk\u00f3w: 32\/228 72 80 wew. 19 &#x1f4de; zaj\u0119cia odbywaj\u0105ce si\u0119 w SCK Zameczek: 32\/204 11 27 &nbsp; &#x1f7e2; SCK Bytk\u00f3w: Zapraszamy do rejestrowania si\u0119 w systemie zaj\u0119ciowym\u00a0https:\/\/sck.systemzajeciowy.pl\u00a0na zaj\u0119cia artystyczne planowane w [&hellip;]<\/p>\n","protected":false},"author":1,"featured_media":0,"parent":0,"menu_order":0,"comment_status":"closed","ping_status":"closed","template":"page_fullwidth.php","meta":[],"_links":{"self":[{"href":"https:\/\/www.siemck.pl\/wp-json\/wp\/v2\/pages\/9128"}],"collection":[{"href":"https:\/\/www.siemck.pl\/wp-json\/wp\/v2\/pages"}],"about":[{"href":"https:\/\/www.siemck.pl\/wp-json\/wp\/v2\/types\/page"}],"author":[{"embeddable":true,"href":"https:\/\/www.siemck.pl\/wp-json\/wp\/v2\/users\/1"}],"replies":[{"embeddable":true,"href":"https:\/\/www.siemck.pl\/wp-json\/wp\/v2\/comments?post=9128"}],"version-history":[{"count":131,"href":"https:\/\/www.siemck.pl\/wp-json\/wp\/v2\/pages\/9128\/revisions"}],"predecessor-version":[{"id":29361,"href":"https:\/\/www.siemck.pl\/wp-json\/wp\/v2\/pages\/9128\/revisions\/29361"}],"wp:attachment":[{"href":"https:\/\/www.siemck.pl\/wp-json\/wp\/v2\/media?parent=9128"}],"curies":[{"name":"wp","href":"https:\/\/api.w.org\/{rel}","templated":true}]}}