{"id":29079,"date":"2025-08-29T11:23:10","date_gmt":"2025-08-29T09:23:10","guid":{"rendered":"https:\/\/www.siemck.pl\/?page_id=29079"},"modified":"2025-09-03T14:46:10","modified_gmt":"2025-09-03T12:46:10","slug":"zajecia-sck-park-tradycji","status":"publish","type":"page","link":"https:\/\/www.siemck.pl\/zajecia-sck-park-tradycji\/","title":{"rendered":"Zaj\u0119cia SCK &#8211; Park Tradycji"},"content":{"rendered":"<p>Wszystkich, chc\u0105cych rozpocz\u0105\u0107 lub kontynuowa\u0107 przygod\u0119 z zaj\u0119ciami sekcyjnymi w Parku Tradycji, zapraszamy na pierwsze spotkanie informacyjne:<\/p>\n<ul>\n<li>\u015arubki \u2013 grupa teatralna dzieci.<br \/>\nPierwsze zaj\u0119cia:\u00a0<strong>6 pa\u017adziernika (poniedzia\u0142ek), godz. 17.30 \u2013 19.00<br \/>\n<\/strong><strong>Sala Widowiskowa<br \/>\n<\/strong><strong>Kolejne: 13, 20, 27 pa\u017adziernika (poniedzia\u0142ek),\u00a0<\/strong><strong>godz. 17.30 \u2013 19.00<br \/>\n<\/strong>Liczba miejsc ograniczona, wymagane wcze\u015bniejsze zapisy, op\u0142ata 120 z\u0142\/ mc.<\/li>\n<\/ul>\n<p>Zapraszamy do rejestrowania si\u0119 w systemie zaj\u0119ciowym <a href=\"https:\/\/sck.systemzajeciowy.pl\">https:\/\/sck.systemzajeciowy.pl<\/a> na zaj\u0119cia planowane w SCK- Park Tradycji ul. Orzeszkowej 12.<\/p>\n<ul>\n<li>Robotyka dla dzieci<br \/>\nPierwsze zaj\u0119cia:\u00a0<strong>7 pa\u017adziernika, godz. 17.30 \u2013 18.30<br \/>\n<\/strong><strong>Ma\u0142a Scena<br \/>\n<\/strong><strong>Kolejne: 14, 21, 28 pa\u017adziernika (wtorek), godz. 17.30 \u2013 18.30<br \/>\n<\/strong>Liczba miejsc ograniczona, wymagane wcze\u015bniejsze zapisy, op\u0142ata 130 z\u0142\/mc.<\/li>\n<\/ul>\n<p>Rejestracja na zaj\u0119cia z robotyki: <a href=\"https:\/\/g4r.pl\/BZQAJ\">https:\/\/g4r.pl\/BZQAJ<\/a><\/p>\n","protected":false},"excerpt":{"rendered":"<p>Wszystkich, chc\u0105cych rozpocz\u0105\u0107 lub kontynuowa\u0107 przygod\u0119 z zaj\u0119ciami sekcyjnymi w Parku Tradycji, zapraszamy na pierwsze spotkanie informacyjne: \u015arubki \u2013 grupa teatralna dzieci. Pierwsze zaj\u0119cia:\u00a06 pa\u017adziernika (poniedzia\u0142ek), godz. 17.30 \u2013 19.00 Sala Widowiskowa Kolejne: 13, 20, 27 pa\u017adziernika (poniedzia\u0142ek),\u00a0godz. 17.30 \u2013 19.00 Liczba miejsc ograniczona, wymagane wcze\u015bniejsze zapisy, op\u0142ata 120 z\u0142\/ mc. Zapraszamy do rejestrowania si\u0119 [&hellip;]<\/p>\n","protected":false},"author":12,"featured_media":0,"parent":0,"menu_order":0,"comment_status":"closed","ping_status":"closed","template":"","meta":[],"_links":{"self":[{"href":"https:\/\/www.siemck.pl\/wp-json\/wp\/v2\/pages\/29079"}],"collection":[{"href":"https:\/\/www.siemck.pl\/wp-json\/wp\/v2\/pages"}],"about":[{"href":"https:\/\/www.siemck.pl\/wp-json\/wp\/v2\/types\/page"}],"author":[{"embeddable":true,"href":"https:\/\/www.siemck.pl\/wp-json\/wp\/v2\/users\/12"}],"replies":[{"embeddable":true,"href":"https:\/\/www.siemck.pl\/wp-json\/wp\/v2\/comments?post=29079"}],"version-history":[{"count":4,"href":"https:\/\/www.siemck.pl\/wp-json\/wp\/v2\/pages\/29079\/revisions"}],"predecessor-version":[{"id":29302,"href":"https:\/\/www.siemck.pl\/wp-json\/wp\/v2\/pages\/29079\/revisions\/29302"}],"wp:attachment":[{"href":"https:\/\/www.siemck.pl\/wp-json\/wp\/v2\/media?parent=29079"}],"curies":[{"name":"wp","href":"https:\/\/api.w.org\/{rel}","templated":true}]}}