{"id":24139,"date":"2023-09-28T15:35:01","date_gmt":"2023-09-28T13:35:01","guid":{"rendered":"https:\/\/www.siemck.pl\/?page_id=24139"},"modified":"2025-11-25T10:41:51","modified_gmt":"2025-11-25T09:41:51","slug":"inspiracje","status":"publish","type":"page","link":"https:\/\/www.siemck.pl\/inspiracje\/","title":{"rendered":"Inspiracje"},"content":{"rendered":"<div><\/div>\n<div><\/div>\n<p data-start=\"1832\" data-end=\"2061\">Zimowe Inspiracje to coroczny cykl warsztat\u00f3w artystyczno-rozwojowych organizowany przez\u00a0<strong data-start=\"1921\" data-end=\"1955\">Siemianowickie Centrum Kultury<\/strong>, kt\u00f3ry pozwala rozwija\u0107 kreatywno\u015b\u0107, odkrywa\u0107 nowe pasje i przygotowa\u0107 si\u0119 do \u015bwi\u0105t w wyj\u0105tkowy spos\u00f3b. Od\u00a0<strong data-start=\"2066\" data-end=\"2095\">30 listopada do 9 grudnia<\/strong>\u00a0zapraszamy na pe\u0142ne ciep\u0142a i inspiracji spotkania \u2013 zar\u00f3wno dla doros\u0142ych, jak i dla rodzin z dzie\u0107mi.<\/p>\n<p data-start=\"2202\" data-end=\"2593\">Pierwszym wydarzeniem b\u0119dzie\u00a0<strong data-start=\"2231\" data-end=\"2261\">Zimowy Kiermasz R\u0119kodzie\u0142a<\/strong>\u00a0w Parku Tradycji\u00a0<strong>(30 listopada, godz. 10:00\u201317:00)<\/strong>. To wspania\u0142a okazja, by w \u015bwi\u0105tecznej atmosferze znale\u017a\u0107 niepowtarzalne ozdoby, dekoracje i prezenty, a tak\u017ce skosztowa\u0107 domowych wypiek\u00f3w. Wst\u0119p wolny.<\/p>\n<p data-start=\"2202\" data-end=\"2593\"><strong>30 listopada, godz. 15:00<\/strong>\u00a0na Ma\u0142ej Scenie odb\u0119d\u0105 si\u0119 warsztaty\u00a0<strong data-start=\"2505\" data-end=\"2527\">\u201eBombki mix media\u201d<\/strong>, podczas kt\u00f3rych uczestnicy poznaj\u0105 technik\u0119 tworzenia wyj\u0105tkowych bombek choinkowych w stylu steampunk. Naucz\u0105 si\u0119, jak wykorzystywa\u0107 drobne elementy \u2013 takie jak guziki, koraliki czy ozdobne detale reliefowe \u2013 do budowania bogatej, fakturalnej powierzchni na koniec zastosuj\u0105 techniki postarzania i patynowania, kt\u00f3re podkre\u015bl\u0105 detale i nadadz\u0105 pracom niepowtarzalny, vintage\u2019owy charakter\u00a0(<a role=\"link\" href=\"https:\/\/bilety.siemck.pl\/index.php\/repertoire.html?id=3799\">https:\/\/bilety.siemck.pl\/index.php\/repertoire.html?id=3799<\/a>)<\/p>\n<p data-start=\"2595\" data-end=\"2674\">Kolejne inspiruj\u0105ce zaj\u0119cia zaplanowano w\u00a0<strong data-start=\"2637\" data-end=\"2671\">Pracowni Plastycznej \u201eOkienko\u201d<\/strong>:<\/p>\n<p data-start=\"2677\" data-end=\"2806\"><strong data-start=\"2677\" data-end=\"2699\">7 grudnia (sobota), godz. 10.00<\/strong>\u00a0\u2013 warsztaty\u00a0<strong data-start=\"2712\" data-end=\"2728\">florystyczne,\u00a0<\/strong>bilety: 49 z\u0142\/osoba\u00a0<a role=\"link\" href=\"https:\/\/bilety.siemck.pl\/index.php\/repertoire.html?id=3800\">https:\/\/bilety.siemck.pl\/index.php\/repertoire.html?id=3800<\/a><\/p>\n<p><strong data-start=\"2677\" data-end=\"2699\">7 grudnia (sobota), godz. 12.00 \u2013 warsztaty<\/strong>\u00a0<strong data-start=\"2748\" data-end=\"2770\">\u201eKubek na prezent\u201d<\/strong>\u00a0\u2013 druk sublimacyjny, bilety 49 z\u0142\/osoba<br \/>\n<a role=\"link\" href=\"https:\/\/bilety.siemck.pl\/index.php\/repertoire.html?id=3801\">https:\/\/bilety.siemck.pl\/index.php\/repertoire.html?id=3801<\/a><\/p>\n<p data-start=\"2809\" data-end=\"2891\"><strong data-start=\"2809\" data-end=\"2831\">9 grudnia (wtorek), godz. 17.00<\/strong>\u00a0\u2013 rodzinne warsztaty\u00a0<strong data-start=\"2853\" data-end=\"2875\">\u201eZimowy krajobraz\u201d,\u00a0<\/strong>bilety: 49 z\u0142\/opiekun + dziecko<\/p>\n<p data-start=\"2809\" data-end=\"2891\">Warsztaty rodzinne, na kt\u00f3rych uczestnicy (dziecko z opiekunem) wykonaj\u0105 wsp\u00f3lnie z r\u00f3\u017cnorodnych materia\u0142\u00f3w takich jak drewno, kamienie, mchy tr\u00f3jwymiarowy zimowy krajobraz umieszczony na plastrze drewna, co b\u0119dzie stanowi\u0142o idealn\u0105 ozdob\u0119 domu na zimowy i \u015bwi\u0105teczny czas.<\/p>\n<p><a role=\"link\" href=\"https:\/\/bilety.siemck.pl\/index.php\/repertoire.html?id=3802\">https:\/\/bilety.siemck.pl\/index.php\/repertoire.html?id=3802<\/a><\/p>\n<p data-start=\"3076\" data-end=\"3171\">Zapraszamy do wsp\u00f3lnego tworzenia, odkrywania i sp\u0119dzania czasu w magicznej atmosferze \u015bwi\u0105t!<\/p>\n","protected":false},"excerpt":{"rendered":"<p>Zimowe Inspiracje to coroczny cykl warsztat\u00f3w artystyczno-rozwojowych organizowany przez\u00a0Siemianowickie Centrum Kultury, kt\u00f3ry pozwala rozwija\u0107 kreatywno\u015b\u0107, odkrywa\u0107 nowe pasje i przygotowa\u0107 si\u0119 do \u015bwi\u0105t w wyj\u0105tkowy spos\u00f3b. Od\u00a030 listopada do 9 grudnia\u00a0zapraszamy na pe\u0142ne ciep\u0142a i inspiracji spotkania \u2013 zar\u00f3wno dla doros\u0142ych, jak i dla rodzin z dzie\u0107mi. Pierwszym wydarzeniem b\u0119dzie\u00a0Zimowy Kiermasz R\u0119kodzie\u0142a\u00a0w Parku Tradycji\u00a0(30 listopada, [&hellip;]<\/p>\n","protected":false},"author":1,"featured_media":0,"parent":0,"menu_order":0,"comment_status":"closed","ping_status":"closed","template":"page_fullwidth.php","meta":[],"_links":{"self":[{"href":"https:\/\/www.siemck.pl\/wp-json\/wp\/v2\/pages\/24139"}],"collection":[{"href":"https:\/\/www.siemck.pl\/wp-json\/wp\/v2\/pages"}],"about":[{"href":"https:\/\/www.siemck.pl\/wp-json\/wp\/v2\/types\/page"}],"author":[{"embeddable":true,"href":"https:\/\/www.siemck.pl\/wp-json\/wp\/v2\/users\/1"}],"replies":[{"embeddable":true,"href":"https:\/\/www.siemck.pl\/wp-json\/wp\/v2\/comments?post=24139"}],"version-history":[{"count":10,"href":"https:\/\/www.siemck.pl\/wp-json\/wp\/v2\/pages\/24139\/revisions"}],"predecessor-version":[{"id":29698,"href":"https:\/\/www.siemck.pl\/wp-json\/wp\/v2\/pages\/24139\/revisions\/29698"}],"wp:attachment":[{"href":"https:\/\/www.siemck.pl\/wp-json\/wp\/v2\/media?parent=24139"}],"curies":[{"name":"wp","href":"https:\/\/api.w.org\/{rel}","templated":true}]}}