{"id":2305,"date":"2017-03-19T19:01:05","date_gmt":"2017-03-19T18:01:05","guid":{"rendered":"http:\/\/siemck.sac.pl\/?page_id=2305"},"modified":"2024-01-31T09:49:55","modified_gmt":"2024-01-31T08:49:55","slug":"o-nas","status":"publish","type":"page","link":"https:\/\/www.siemck.pl\/o-nas\/","title":{"rendered":"O nas"},"content":{"rendered":"<p>[vc_row][vc_column][vc_column_text]Siemianowickie Centrum Kultury jest samorz\u0105dow\u0105 instytucj\u0105 kultury powsta\u0142\u0105 1 stycznia 2009 roku w wyniku po\u0142\u0105czenia trzech instytucji kultury: Siemianowickiego Centrum Kultury (ul. Niepodleg\u0142o\u015bci\u00a0 45), obecna siedziba g\u0142\u00f3wna SCK), Domu Kultury \u201eJarz\u0119bina\u201d (obecnie SCK \u201eJarz\u0119bina\u201d, ul. Wierzbowa 2) i Miejskiego O\u015brodka Kultury, kt\u00f3ry mie\u015bci\u0142 si\u0119 przy Al. Sportowc\u00f3w 3. W roku 2010 do u\u017cytku zosta\u0142a oddana po renowacji zabytkowa Willa Fitznera (zlokalizowana w samym centrum miasta, przy ul. 27 Stycznia 3), kt\u00f3ra zast\u0105pi\u0142a oddzia\u0142 przy Al. Sportowc\u00f3w, w du\u017cej mierze kontynuuj\u0105c jego dzia\u0142alno\u015b\u0107, a tak\u017ce poszerzaj\u0105c repertuar o szereg dzia\u0142a\u0144 realizowanych dzi\u0119ki nowym mo\u017cliwo\u015bciom, kt\u00f3re da\u0142 nowy obiekt. Od wrze\u015bnia 2012 roku w Micha\u0142kowicach dzia\u0142a postindustrialny Park Tradycji (utworzony w wyniku renowacji budynku maszynowni nieczynnej ju\u017c kopalni \u201eMicha\u0142\u201d i wie\u017cy wyci\u0105gowej szybu \u201eKrystyn\u201d), kt\u00f3rym r\u00f3wnie\u017c zarz\u0105dza Siemianowickie Centrum Kultury.<\/p>\n<p>Ka\u017cdy z oddzia\u0142\u00f3w SCK ma swoj\u0105 specyfik\u0119 i zgo\u0142a odmienn\u0105, dla siebie tylko charakterystyczn\u0105, atmosfer\u0119. Ka\u017cdy z nich z w\u0142asn\u0105 inwencj\u0105 realizuje cele statutowe SCK, oferuj\u0105c szeroki repertuar imprez kulturalnych i rozrywkowych oraz innych form aktywno\u015bci (zaj\u0119cia sekcyjne, warsztaty, spotkania, wycieczki, wyjazdy etc.) adresowanych do siemianowiczan w ka\u017cdym wieku i o r\u00f3\u017cnych upodobaniach. Siemianowickie Centrum Kultury do swoich o\u015brodk\u00f3w zaprasza uznanych artyst\u00f3w, ciesz\u0105cych si\u0119 popularno\u015bci\u0105 w regionie, kraju, a czasem nawet poza jego granicami, daj\u0105c mieszka\u0144com miasta mo\u017cliwo\u015b\u0107 spotkania z ich ulubionymi gwiazdami. Opr\u00f3cz tego promuje m\u0142odych \u2013 lub ju\u017c nie tak m\u0142odych, ale jeszcze ma\u0142o znanych \u2013 artyst\u00f3w (na r\u00f3\u017cnych etapach ich przygody z estrad\u0105), daj\u0105c im mo\u017cliwo\u015b\u0107 zaprezentowania tw\u00f3rczo\u015bci i spotkania z publiczno\u015bci\u0105. Siemianowickie Centrum Kultury stale i owocnie wsp\u00f3\u0142pracuje z siemianowickimi plac\u00f3wkami o\u015bwiatowymi, a tak\u017ce samo sprawuje piecz\u0119 nad rozwojem m\u0142odych talent\u00f3w.<\/p>\n<p>Od wiosny do jesieni Siemianowickie Centrum Kultury organizuje liczne imprezy plenerowe, kt\u00f3re odbywaj\u0105 si\u0119 w Amfiteatrze w Parku Miejskim, na Rynku Miejskim oraz w r\u00f3\u017cnych dzielnicach miasta. Przekr\u00f3j programowy tych imprez jest niezwykle du\u017cy \u2013 siemianowiczanie maj\u0105 wi\u0119c okazj\u0119 obejrze\u0107 zar\u00f3wno wyst\u0119py dzieci\u0119ce, jak i folklorystyczne, pos\u0142ucha\u0107 zar\u00f3wno muzyki biesiadnej lub dyskotekowej, jak r\u00f3wnie\u017c ci\u0119\u017ckiego rocka. Przy okazji imprez plenerowych mo\u017cna zwykle zje\u015b\u0107 grillowan\u0105 kie\u0142bask\u0119 na \u015bwie\u017cym powietrzu, napi\u0107 si\u0119 piwa i wypocz\u0105\u0107 wraz z rodzin\u0105 i znajomymi w piknikowej atmosferze.<br \/>\nSiemianowickie Centrum Kultury zaprasza tak\u017ce osoby prywatne i firmy do wsp\u00f3\u0142pracy w ramach innych form dzia\u0142alno\u015bci. Istnieje np. mo\u017cliwo\u015b\u0107 wynajmu pomieszcze\u0144 SCK na przer\u00f3\u017cne cele (imprezy okoliczno\u015bciowe, uroczysto\u015bci, spotkania, zaj\u0119cia, warsztaty, prezentacje produkt\u00f3w, a nawet koncerty lub spektakle), a tak\u017ce mo\u017cliwo\u015b\u0107 promowania swoich us\u0142ug i produkt\u00f3w podczas imprez organizowanych przez SCK oraz na materia\u0142ach promocyjnych wydawanych i kolportowanych przez nasz\u0105 instytucj\u0119.<\/p>\n<p>Zapraszamy serdecznie do zapoznania si\u0119 ze szczeg\u00f3\u0142ami naszego programu i naszej oferty oraz do kontaktu drog\u0105 mailow\u0105 i telefoniczn\u0105 z pracownikami Siemianowickiego Centrum Kultury.[\/vc_column_text][\/vc_column][\/vc_row][vc_row][vc_column][vc_column_text]<\/p>\n<h1>Nasz zesp\u00f3\u0142<\/h1>\n<h3 style=\"text-align: center;\">Marek Banasik<\/h3>\n<p style=\"text-align: center;\">DYREKTOR<\/p>\n<p style=\"text-align: center;\">tel. 32 228 72 80 |\u00a0<a href=\"mailto:sekretariat@siemck.pl\">sekretariat@siemck.pl<\/a><\/p>\n<p>[\/vc_column_text][vc_separator][\/vc_column][\/vc_row][vc_row][vc_column width=&#8221;1\/2&#8243;][vc_column_text]<\/p>\n<h3 style=\"text-align: center;\">Monika Pojda-Dzieko\u0144ska<\/h3>\n<p style=\"text-align: center;\">Z-CA DYREKTORA, MARKETING,\u00a0SZLAK ZABYTK\u00d3W TECHNIKI<\/p>\n<p style=\"text-align: center;\">tel. 32 228 72 80 w. 21, kom. 604 437 803\u00a0| <a href=\"mailto:m.pojdadziekonska@siemck.pl\">m.pojdadziekonska@siemck.pl<\/a><\/p>\n<p>[\/vc_column_text][\/vc_column][vc_column width=&#8221;1\/2&#8243;][vc_column_text]<\/p>\n<h3 style=\"text-align: center;\">Bo\u017cena Lisiecka-Bia\u0142as<\/h3>\n<p style=\"text-align: center;\">G\u0141\u00d3WNA KSI\u0118GOWA<\/p>\n<p style=\"text-align: center;\">tel. 32 228 72 80 w. 28 | b.lisiecka@siemck.pl<\/p>\n<p>[\/vc_column_text][\/vc_column][\/vc_row][vc_row][vc_column][vc_separator][\/vc_column][\/vc_row][vc_row][vc_column width=&#8221;1\/2&#8243;][vc_column_text]<\/p>\n<h3 style=\"text-align: center;\">Grzegorz \u017bmuda<\/h3>\n<p style=\"text-align: center;\">DZIA\u0141 ORGANIZACYJNO-ADMINISTRACYJNY,\u00a0KADRY<\/p>\n<p style=\"text-align: center;\">tel. 32 228 72 80 w. 23 | <a href=\"mailto:g.zmuda@siemck.pl\">g.zmuda@siemck.pl<\/a><\/p>\n<p>[\/vc_column_text][\/vc_column][vc_column width=&#8221;1\/2&#8243;][vc_column_text]<\/p>\n<h3 style=\"text-align: center;\">Anna Jakubowska<\/h3>\n<p style=\"text-align: center;\">ODDZIA\u0141 BYTK\u00d3W,\u00a0KIEROWNIK<\/p>\n<p style=\"text-align: center;\">tel. 32 228 72 80 w. 19, kom. 606 973 406\u00a0|\u00a0<a href=\"mailto:a.jakubowska@siemck.pl\">a.jakubowska@siemck.pl<\/a><\/p>\n<p>[\/vc_column_text][\/vc_column][\/vc_row][vc_row][vc_column][vc_separator][\/vc_column][\/vc_row][vc_row][vc_column width=&#8221;1\/2&#8243;][vc_column_text]<\/p>\n<h3 style=\"text-align: center;\">Alicja Nowak<\/h3>\n<p style=\"text-align: center;\">DZIA\u0141 ORGANIZACYJNO-ADMINISTRACYJNY, SEKRETARIAT<\/p>\n<p style=\"text-align: center;\">tel. 32 228 72 80 w. 11 | <a href=\"mailto:sekretariat@siemck.pl\">sekretariat@siemck.pl<\/a><\/p>\n<p>[\/vc_column_text][\/vc_column][vc_column width=&#8221;1\/2&#8243;][vc_column_text]<\/p>\n<h3 style=\"text-align: center;\">Krzysztof Bogdo\u0142<\/h3>\n<p style=\"text-align: center;\">ODDZIA\u0141 WILLA FITZNERA, KIEROWNIK<\/p>\n<p style=\"text-align: center;\">tel. 32 763 27 33, kom. 506 002 705 | <a href=\"mailto:k.bogdol@siemck.pl\">k.bogdol@siemck.pl<\/a><\/p>\n<p>[\/vc_column_text][\/vc_column][\/vc_row][vc_row][vc_column][vc_separator][\/vc_column][\/vc_row][vc_row][vc_column width=&#8221;1\/2&#8243;][vc_column_text]<\/p>\n<h3 style=\"text-align: center;\">Krzysztof Mrowiec<\/h3>\n<p style=\"text-align: center;\">DZIA\u0141 GOSPODARCZO-TECHNICZNY, KIEROWNIK<\/p>\n<p style=\"text-align: center;\">tel. 32 228 72 80 w. 25 | <a href=\"mailto:k.mrowiec@siemck.pl\">k.mrowiec@siemck.pl<\/a><\/p>\n<p>[\/vc_column_text][\/vc_column][vc_column width=&#8221;1\/2&#8243;][vc_column_text]<\/p>\n<h3 style=\"text-align: center;\">Marek Ko\u0142buk<\/h3>\n<p style=\"text-align: center;\">ODDZIA\u0141 PARK TRADYCJI,\u00a0KIEROWNIK<\/p>\n<p style=\"text-align: center;\">tel. 32 765 27 40 w. 11 | <a href=\"mailto:m.kolbuk@siemck.pl\">m.kolbuk@siemck.pl<\/a><\/p>\n<p>[\/vc_column_text][\/vc_column][\/vc_row][vc_row][vc_column][vc_separator][\/vc_column][\/vc_row][vc_row][vc_column width=&#8221;1\/2&#8243;][vc_column_text]<\/p>\n<h3 style=\"text-align: center;\">Anna Moj-\u0141ukasik<\/h3>\n<p style=\"text-align: center;\">ODDZIA\u0141 ZAMECZEK\u00a0KIEROWNIK<\/p>\n<p style=\"text-align: center;\">tel. 32 204 11 27,\u00a0kom.\u00a0782 808 809 | <a href=\"mailto:a.moj@siemck.pl\">a.moj@siemck.pl<\/a><\/p>\n<p>[\/vc_column_text][\/vc_column][vc_column width=&#8221;1\/2&#8243;][vc_column_text]<\/p>\n<h3 style=\"text-align: center;\">Mariusz Krajewski<\/h3>\n<p style=\"text-align: center;\">ODDZIA\u0141 JARZ\u0118BINA, KIEROWNIK<\/p>\n<p style=\"text-align: center;\">tel. 32 228 48 46, kom. 506 725 463| <a href=\"mailto:m.krajewski@siemck.pl\">m.krajewski@siemck.pl<\/a><\/p>\n<p>[\/vc_column_text][\/vc_column][\/vc_row]<\/p>\n","protected":false},"excerpt":{"rendered":"<p>[vc_row][vc_column][vc_column_text]Siemianowickie Centrum Kultury jest samorz\u0105dow\u0105 instytucj\u0105 kultury powsta\u0142\u0105 1 stycznia 2009 roku w wyniku po\u0142\u0105czenia trzech instytucji kultury: Siemianowickiego Centrum Kultury (ul. Niepodleg\u0142o\u015bci\u00a0 45), obecna siedziba g\u0142\u00f3wna SCK), Domu Kultury \u201eJarz\u0119bina\u201d (obecnie SCK \u201eJarz\u0119bina\u201d, ul. Wierzbowa 2) i Miejskiego O\u015brodka Kultury, kt\u00f3ry mie\u015bci\u0142 si\u0119 przy Al. Sportowc\u00f3w 3. W roku 2010 do u\u017cytku zosta\u0142a oddana [&hellip;]<\/p>\n","protected":false},"author":1,"featured_media":0,"parent":0,"menu_order":0,"comment_status":"closed","ping_status":"closed","template":"page_fullwidth.php","meta":[],"_links":{"self":[{"href":"https:\/\/www.siemck.pl\/wp-json\/wp\/v2\/pages\/2305"}],"collection":[{"href":"https:\/\/www.siemck.pl\/wp-json\/wp\/v2\/pages"}],"about":[{"href":"https:\/\/www.siemck.pl\/wp-json\/wp\/v2\/types\/page"}],"author":[{"embeddable":true,"href":"https:\/\/www.siemck.pl\/wp-json\/wp\/v2\/users\/1"}],"replies":[{"embeddable":true,"href":"https:\/\/www.siemck.pl\/wp-json\/wp\/v2\/comments?post=2305"}],"version-history":[{"count":65,"href":"https:\/\/www.siemck.pl\/wp-json\/wp\/v2\/pages\/2305\/revisions"}],"predecessor-version":[{"id":25246,"href":"https:\/\/www.siemck.pl\/wp-json\/wp\/v2\/pages\/2305\/revisions\/25246"}],"wp:attachment":[{"href":"https:\/\/www.siemck.pl\/wp-json\/wp\/v2\/media?parent=2305"}],"curies":[{"name":"wp","href":"https:\/\/api.w.org\/{rel}","templated":true}]}}