{"id":2147,"date":"2017-03-18T17:29:16","date_gmt":"2017-03-18T16:29:16","guid":{"rendered":"http:\/\/siemck.sac.pl\/?page_id=2147"},"modified":"2026-01-09T14:05:15","modified_gmt":"2026-01-09T13:05:15","slug":"jarzebina","status":"publish","type":"page","link":"https:\/\/www.siemck.pl\/jarzebina\/","title":{"rendered":"SCK &#8211; Jarz\u0119bina"},"content":{"rendered":"<p>[vc_row][vc_column][vc_tta_tabs style=&#8221;modern&#8221; shape=&#8221;square&#8221; spacing=&#8221;2&#8243; active_section=&#8221;1&#8243; css_animation=&#8221;fadeIn&#8221;][\/vc_tta_tabs][vc_tta_section title=&#8221;Dane kontaktowe&#8221; tab_id=&#8221;dane-kontaktowe&#8221;][\/vc_tta_section][vc_row_inner][vc_column_inner width=&#8221;1\/3&#8243;][vc_column_text]<\/p>\n<h3>SCK &#8211; Jarz\u0119bina<\/h3>\n<p><span class=\"tribe-street-address\">ul. Wierzbowa 2<\/span><\/p>\n<p><span class=\"tribe-locality\">41-100 Siemianowice \u015al\u0105skie<\/span><\/p>\n<p><a href=\"mailto:jarzebina@siemck.pl\">jarzebina@siemck.pl<\/a><\/p>\n<p><a href=\"https:\/\/www.facebook.com\/sckjarzebina\">https:\/\/www.facebook.com\/sckjarzebina<\/a>[\/vc_column_text][\/vc_column_inner][vc_column_inner width=&#8221;1\/3&#8243;][vc_column_text]<\/p>\n<h3>Telefon<\/h3>\n<p>(+48) 32 228 48 46<\/p>\n<p>Mariusz Krajewski &#8211; kierownik Jarz\u0119biny: 506 725 463<\/p>\n<h3>Rezerwacje<\/h3>\n<p>m.krajewski@siemck.pl[\/vc_column_text][\/vc_column_inner][vc_column_inner width=&#8221;1\/3&#8243;][vc_column_text]<\/p>\n<h3>Punkt sprzeda\u017cy bilet\u00f3w<\/h3>\n<p>Poniedzia\u0142ek \u2013 Pi\u0105tek od 08.00 do 15.00<\/p>\n<p>oraz przed organizowanymi imprezami<\/p>\n<h3>Biuro<\/h3>\n<p>Poniedzia\u0142ek &#8211; Pi\u0105tek od 08.00 do 15.00<\/p>\n<h3>Kawiarnia<\/h3>\n<p>&#8211; W czasie organizowanych imprez.[\/vc_column_text][\/vc_column_inner][\/vc_row_inner][vc_separator][vc_column_text]<\/p>\n<p><a href=\"https:\/\/www.siemck.pl\/wp-content\/uploads\/3.Z.25-Regulamin-sprzedeazy-biletow-indywidualnych-i-grupowych.pdf\">3.Z.25 Regulamin sprzedea\u017cy bilet\u00f3w indywidualnych i grupowych<\/a><\/p>\n<p><a href=\"https:\/\/www.siemck.pl\/wp-content\/uploads\/4.Z.25-Regulamin-sprzedazy-biletow-on-line.pdf\">4.Z.25 Regulamin sprzeda\u017cy bilet\u00f3w on-line<\/a><\/p>\n<p>&nbsp;<\/p>\n<p>[vc_gmaps link=&#8221;#E-8_JTNDaWZyYW1lJTIwc3JjJTNEJTIyaHR0cHMlM0ElMkYlMkZ3d3cuZ29vZ2xlLmNvbSUyRm1hcHMlMkZlbWJlZCUzRnBiJTNEJTIxMW0xOCUyMTFtMTIlMjExbTMlMjExZDI1NDguOTM5NDIwNjQ0NjY0NiUyMTJkMTkuMDE1MDQ4NTE1NzI1NjklMjEzZDUwLjI5MzA1ODY3OTQ1MzkyJTIxMm0zJTIxMWYwJTIxMmYwJTIxM2YwJTIxM20yJTIxMWkxMDI0JTIxMmk3NjglMjE0ZjEzLjElMjEzbTMlMjExbTIlMjExczB4NDcxNmQxZWYxMDAyOWM0MSUyNTNBMHg5YzdlNDRjZDg5NWE0Y2JhJTIxMnNXaWVyemJvd2ElMkIyJTI1MkMlMkI0MS0xMDAlMkJTaWVtaWFub3dpY2UlMkIlMjVDNSUyNTlBbCUyNUM0JTI1ODVza2llJTI1MkMlMkJQb2xhbmQlMjE1ZTAlMjEzbTIlMjExc2VuJTIxMnN1cyUyMTR2MTQ5MDcyNzcwNjE5OCUyMiUyMHdpZHRoJTNEJTIyNjAwJTIyJTIwaGVpZ2h0JTNEJTIyMjUwJTIyJTIwZnJhbWVib3JkZXIlM0QlMjIwJTIyJTIwc3R5bGUlM0QlMjJib3JkZXIlM0EwJTIyJTIwYWxsb3dmdWxsc2NyZWVuJTNFJTNDJTJGaWZyYW1lJTNF&#8221;][vc_tta_section title=&#8221;Informacje o obiekcie&#8221; tab_id=&#8221;informacje&#8221;][vc_column_text]Dawny klub osiedlowy jest dzi\u015b wa\u017cn\u0105 instytucj\u0105 kultury. W budynku mieszcz\u0105 si\u0119: du\u017ca sala na ok. 100 os\u00f3b, sala mniejsza (na ok. 40 miejsc) oraz kawiarnia. W plac\u00f3wce szczeg\u00f3ln\u0105 popularno\u015bci\u0105 ciesz\u0105 si\u0119 koncerty muzyki \u015bl\u0105skiej oraz wszelkiego rodzaju biesiady.<\/p>\n<h3>Historia obiektu<\/h3>\n<p>O\u015brodek na Tuwimie, przy ul. Wierzbowej 2, powsta\u0142 z inicjatywy spo\u0142ecznej w roku 1977 i dzia\u0142a\u0142 przy Komitecie Osiedlowym Samorz\u0105du Mieszka\u0144c\u00f3w. Pierwotnie funkcjonowa\u0142 on jako \u015bwietlica \u015brodowiskowa. Na kr\u00f3tki okres (1993-1994) \u015bwietlica zosta\u0142a wcielona w struktur\u0119 Centrum Kultury, aby w 1994 ponownie sta\u0107 si\u0119 odr\u0119bnym cia\u0142em \u2013 plac\u00f3wk\u0105 kulturaln\u0105 pod nazw\u0105 \u015awietlica Osiedlowa \u201ePod Jarz\u0119bin\u0105\u201d.<\/p>\n<p>Z biegiem lat plac\u00f3wka wyewoluowa\u0142a i poszerzy\u0142a zakres swych dzia\u0142a\u0144, staj\u0105c si\u0119 w ko\u0144cu bardzo istotnym w \u017cyciu dzielnicy domem kultury, zwornikiem spo\u0142eczno\u015bci lokalnej. W roku 2009 \u201eJarz\u0119bina\u201d po raz wt\u00f3ry zosta\u0142a przy\u0142\u0105czona do Siemianowickiego Centrum Kultury, b\u0119d\u0105c tym samym jednym z filar\u00f3w nowego otwarcia w historii SCK i w dziejach siemianowickiej kultury.<\/p>\n<h3>Obecnie<\/h3>\n<p>SCK \u201eJarz\u0119bina\u201d to dzisiaj plac\u00f3wka o szerokim spektrum dzia\u0142a\u0144. Organizuje koncerty (w szczeg\u00f3lno\u015bci niezwykle popularne w\u015br\u00f3d mieszka\u0144c\u00f3w dzielnicy i ca\u0142ych Siemianowic \u2013 koncerty \u015bl\u0105skiej muzyki biesiadnej), zabawy taneczne, biesiady. W czasie roku szkolnego w Jarz\u0119binie prowadzone s\u0105 zaj\u0119cia w sekcjach dla dzieci i m\u0142odzie\u017cy, za\u015b latem \u2013 p\u00f3\u0142kolonie letnie oraz inne zaj\u0119cia w ramach Akcji Lato. Sezon letni to tak\u017ce czas niedzielnych wycieczek rodzinnych tradycyjnie wyruszaj\u0105cych spod \u201eJarz\u0119biny\u201d. W Plac\u00f3wce swoje spotkania raz w tygodniu odbywa Klub Seniora \u201eBarwy Jesieni\u201d.<\/p>\n<p>[\/vc_column_text][vc_tta_section title=&#8221;Oferta wynajmu&#8221; tab_id=&#8221;oferta-wynajmu&#8221;][vc_column_text]<\/p>\n<h3>Kompleksowa organizacja imprez<\/h3>\n<p>Koncerty, recitale, wyst\u0119py estradowe, teatrzyki oraz warsztaty dla dzieci,\u00a0zabawy karnawa\u0142owe,\u00a0dyskoteki, wieczorki taneczne, bale sylwestrowe,\u00a0wycieczki, przyj\u0119cia okoliczno\u015bciowe,\u00a0chrzciny, komunie, urodziny, studni\u00f3wki, wesela, stypy,\u00a0imprezy dla grup zorganizowanych oraz firm,\u00a0szkolenia, spotkania itp.<\/p>\n<h3>Do dyspozycji<\/h3>\n<ul>\n<li>Sala na 50 os\u00f3b<\/li>\n<li>Sala na 25 os\u00f3b<\/li>\n<li>Kawiarnia na 20 os\u00f3b<\/li>\n<\/ul>\n<p><img loading=\"lazy\" class=\"alignnone wp-image-25199\" src=\"https:\/\/www.siemck.pl\/wp-content\/uploads\/IMG_8571-400x267.jpg\" alt=\"\" width=\"461\" height=\"308\" srcset=\"https:\/\/www.siemck.pl\/wp-content\/uploads\/IMG_8571-400x267.jpg 400w, https:\/\/www.siemck.pl\/wp-content\/uploads\/IMG_8571-2000x1333.jpg 2000w, https:\/\/www.siemck.pl\/wp-content\/uploads\/IMG_8571-768x512.jpg 768w, https:\/\/www.siemck.pl\/wp-content\/uploads\/IMG_8571-600x400.jpg 600w, https:\/\/www.siemck.pl\/wp-content\/uploads\/IMG_8571-1536x1024.jpg 1536w, https:\/\/www.siemck.pl\/wp-content\/uploads\/IMG_8571-2048x1365.jpg 2048w\" sizes=\"(max-width: 461px) 100vw, 461px\" \/>\u00a0 \u00a0 <img loading=\"lazy\" class=\"alignnone wp-image-25200\" src=\"https:\/\/www.siemck.pl\/wp-content\/uploads\/IMG_8549-400x267.jpg\" alt=\"\" width=\"458\" height=\"305\" srcset=\"https:\/\/www.siemck.pl\/wp-content\/uploads\/IMG_8549-400x267.jpg 400w, https:\/\/www.siemck.pl\/wp-content\/uploads\/IMG_8549-2000x1333.jpg 2000w, https:\/\/www.siemck.pl\/wp-content\/uploads\/IMG_8549-768x512.jpg 768w, https:\/\/www.siemck.pl\/wp-content\/uploads\/IMG_8549-600x400.jpg 600w, https:\/\/www.siemck.pl\/wp-content\/uploads\/IMG_8549-1536x1024.jpg 1536w, https:\/\/www.siemck.pl\/wp-content\/uploads\/IMG_8549-2048x1365.jpg 2048w\" sizes=\"(max-width: 458px) 100vw, 458px\" \/><\/p>\n<p><img loading=\"lazy\" class=\"alignnone wp-image-19606\" src=\"https:\/\/www.siemck.pl\/wp-content\/uploads\/I-1-400x300.jpg\" alt=\"\" width=\"460\" height=\"345\" srcset=\"https:\/\/www.siemck.pl\/wp-content\/uploads\/I-1-400x300.jpg 400w, https:\/\/www.siemck.pl\/wp-content\/uploads\/I-1-768x576.jpg 768w, https:\/\/www.siemck.pl\/wp-content\/uploads\/I-1-2000x1500.jpg 2000w, https:\/\/www.siemck.pl\/wp-content\/uploads\/I-1-600x450.jpg 600w\" sizes=\"(max-width: 460px) 100vw, 460px\" \/>\u00a0 \u00a0\u00a0<img loading=\"lazy\" class=\"alignnone wp-image-19607\" src=\"https:\/\/www.siemck.pl\/wp-content\/uploads\/II-2-400x300.jpg\" alt=\"\" width=\"461\" height=\"345\" srcset=\"https:\/\/www.siemck.pl\/wp-content\/uploads\/II-2-400x300.jpg 400w, https:\/\/www.siemck.pl\/wp-content\/uploads\/II-2-768x576.jpg 768w, https:\/\/www.siemck.pl\/wp-content\/uploads\/II-2-2000x1500.jpg 2000w, https:\/\/www.siemck.pl\/wp-content\/uploads\/II-2-600x450.jpg 600w\" sizes=\"(max-width: 461px) 100vw, 461px\" \/><\/p>\n<p><img loading=\"lazy\" class=\"alignnone wp-image-19608\" src=\"https:\/\/www.siemck.pl\/wp-content\/uploads\/sala-1-400x267.jpg\" alt=\"\" width=\"458\" height=\"306\" srcset=\"https:\/\/www.siemck.pl\/wp-content\/uploads\/sala-1-400x267.jpg 400w, https:\/\/www.siemck.pl\/wp-content\/uploads\/sala-1-768x512.jpg 768w, https:\/\/www.siemck.pl\/wp-content\/uploads\/sala-1-2000x1333.jpg 2000w, https:\/\/www.siemck.pl\/wp-content\/uploads\/sala-1-600x400.jpg 600w\" sizes=\"(max-width: 458px) 100vw, 458px\" \/>\u00a0 \u00a0\u00a0 <img loading=\"lazy\" class=\"alignnone wp-image-19609\" src=\"https:\/\/www.siemck.pl\/wp-content\/uploads\/sala2-400x267.jpg\" alt=\"\" width=\"461\" height=\"308\" srcset=\"https:\/\/www.siemck.pl\/wp-content\/uploads\/sala2-400x267.jpg 400w, https:\/\/www.siemck.pl\/wp-content\/uploads\/sala2-768x512.jpg 768w, https:\/\/www.siemck.pl\/wp-content\/uploads\/sala2-2000x1333.jpg 2000w, https:\/\/www.siemck.pl\/wp-content\/uploads\/sala2-600x400.jpg 600w\" sizes=\"(max-width: 461px) 100vw, 461px\" \/><\/p>\n<p>&nbsp;<\/p>\n<hr \/>\n<p><a href=\"https:\/\/www.siemck.pl\/wp-content\/uploads\/Cennik-najmu-pomieszczen-Siemianowickiego-Centrum-Kultury-w-roku-2026.pdf\">Cennik najmu pomieszcze\u0144 Siemianowickiego Centrum Kultury w roku 2026<\/a><\/p>\n<p><a href=\"\/wp-content\/uploads\/Sprzet_audiowizualny_SCK_Park_Tradycji.pdf\" target=\"_blank\" rel=\"noopener\">Lista sprz\u0119tu audiowizualnego na wyposa\u017ceniu\u00a0SCK Jarz\u0119bina<\/a>[\/vc_column_text][vc_empty_space height=&#8221;1px&#8221;][\/vc_tta_section][\/vc_column][\/vc_row]<\/p>\n","protected":false},"excerpt":{"rendered":"<p>[vc_row][vc_column][vc_tta_tabs style=&#8221;modern&#8221; shape=&#8221;square&#8221; spacing=&#8221;2&#8243; active_section=&#8221;1&#8243; css_animation=&#8221;fadeIn&#8221;][\/vc_tta_tabs][vc_tta_section title=&#8221;Dane kontaktowe&#8221; tab_id=&#8221;dane-kontaktowe&#8221;][\/vc_tta_section][vc_row_inner][vc_column_inner width=&#8221;1\/3&#8243;][vc_column_text] SCK &#8211; Jarz\u0119bina ul. Wierzbowa 2 41-100 Siemianowice \u015al\u0105skie jarzebina@siemck.pl https:\/\/www.facebook.com\/sckjarzebina[\/vc_column_text][\/vc_column_inner][vc_column_inner width=&#8221;1\/3&#8243;][vc_column_text] Telefon (+48) 32 228 48 46 Mariusz Krajewski &#8211; kierownik Jarz\u0119biny: 506 725 463 Rezerwacje m.krajewski@siemck.pl[\/vc_column_text][\/vc_column_inner][vc_column_inner width=&#8221;1\/3&#8243;][vc_column_text] Punkt sprzeda\u017cy bilet\u00f3w Poniedzia\u0142ek \u2013 Pi\u0105tek od 08.00 do 15.00 oraz przed organizowanymi imprezami Biuro Poniedzia\u0142ek [&hellip;]<\/p>\n","protected":false},"author":1,"featured_media":0,"parent":0,"menu_order":0,"comment_status":"closed","ping_status":"closed","template":"page_fullwidth.php","meta":[],"_links":{"self":[{"href":"https:\/\/www.siemck.pl\/wp-json\/wp\/v2\/pages\/2147"}],"collection":[{"href":"https:\/\/www.siemck.pl\/wp-json\/wp\/v2\/pages"}],"about":[{"href":"https:\/\/www.siemck.pl\/wp-json\/wp\/v2\/types\/page"}],"author":[{"embeddable":true,"href":"https:\/\/www.siemck.pl\/wp-json\/wp\/v2\/users\/1"}],"replies":[{"embeddable":true,"href":"https:\/\/www.siemck.pl\/wp-json\/wp\/v2\/comments?post=2147"}],"version-history":[{"count":69,"href":"https:\/\/www.siemck.pl\/wp-json\/wp\/v2\/pages\/2147\/revisions"}],"predecessor-version":[{"id":30068,"href":"https:\/\/www.siemck.pl\/wp-json\/wp\/v2\/pages\/2147\/revisions\/30068"}],"wp:attachment":[{"href":"https:\/\/www.siemck.pl\/wp-json\/wp\/v2\/media?parent=2147"}],"curies":[{"name":"wp","href":"https:\/\/api.w.org\/{rel}","templated":true}]}}