{"id":2145,"date":"2017-03-18T17:28:25","date_gmt":"2017-03-18T16:28:25","guid":{"rendered":"http:\/\/siemck.sac.pl\/?page_id=2145"},"modified":"2025-02-11T14:05:03","modified_gmt":"2025-02-11T13:05:03","slug":"willa-fitznera","status":"publish","type":"page","link":"https:\/\/www.siemck.pl\/willa-fitznera\/","title":{"rendered":"SCK &#8211; Willa Fitznera"},"content":{"rendered":"<p>[vc_row][vc_column][vc_tta_tabs style=&#8221;modern&#8221; shape=&#8221;square&#8221; spacing=&#8221;2&#8243; active_section=&#8221;1&#8243; css_animation=&#8221;fadeIn&#8221;][\/vc_tta_tabs][vc_tta_section title=&#8221;Dane kontaktowe&#8221; tab_id=&#8221;dane-kontaktowe&#8221;][\/vc_tta_section][vc_row_inner][vc_column_inner width=&#8221;1\/3&#8243;][vc_column_text]<\/p>\n<h3>SCK &#8211; Willa Fitznera<\/h3>\n<p>ul. Fitzner\u00f3w 3<\/p>\n<p>41- 100 Siemianowice \u015al\u0105skie<\/p>\n<p class=\"p1\"><a href=\"mailto:k.bogdol@siemck.pl\">k.bogdol@siemck.pl<\/a><\/p>\n<p><a href=\"https:\/\/www.facebook.com\/WillaFitznera\">https:\/\/www.facebook.com\/WillaFitznera<\/a>[\/vc_column_text][\/vc_column_inner][vc_column_inner width=&#8221;1\/3&#8243;][vc_column_text]<\/p>\n<h3>Telefon<\/h3>\n<p>(+48)\u00a032 763 27 34<\/p>\n<p>Krzysztof Bogdo\u0142 &#8211; Kierwnik Willi Fitznera tel. 506 002 705<\/p>\n<h3>Rezerwacje<\/h3>\n<p class=\"p1\"><a href=\"mailto:m.groniewska@siemck.pl\">k.bogdol@siemck.pl<\/a><\/p>\n<p>[\/vc_column_text][\/vc_column_inner][vc_column_inner width=&#8221;1\/3&#8243;][vc_column_text]<\/p>\n<h3>Biuro\/ punkt sprzeda\u017cy bilet\u00f3w<\/h3>\n<p>Poniedzia\u0142ek &#8211; Pi\u0105tek w godz. 8.00-16.00<br \/>\noraz podczas trwania imprez, zgodnie z informatorem<\/p>\n<h3>Kawiarnia &#8222;Fitzner Cafe&#8221;<\/h3>\n<p>\u015aroda- Niedziela w godz. 16.00-22.00<br \/>\noraz podczas trwania imprez, zgodnie z informatorem<\/p>\n<p>Informacja: (+48) 32 763 27 39[\/vc_column_text][\/vc_column_inner][\/vc_row_inner][vc_separator][vc_column_text]<\/p>\n<p><a href=\"https:\/\/www.siemck.pl\/wp-content\/uploads\/3.Z.25-Regulamin-sprzedeazy-biletow-indywidualnych-i-grupowych.pdf\">3.Z.25 Regulamin sprzedea\u017cy bilet\u00f3w indywidualnych i grupowych<\/a><\/p>\n<p><a href=\"https:\/\/www.siemck.pl\/wp-content\/uploads\/4.Z.25-Regulamin-sprzedazy-biletow-on-line.pdf\">4.Z.25 Regulamin sprzeda\u017cy bilet\u00f3w on-line<\/a><\/p>\n<p>&nbsp;<\/p>\n<p>[vc_gmaps link=&#8221;#E-8_JTNDaWZyYW1lJTIwc3JjJTNEJTIyaHR0cHMlM0ElMkYlMkZ3d3cuZ29vZ2xlLmNvbSUyRm1hcHMlMkZlbWJlZCUzRnBiJTNEJTIxMW0xOCUyMTFtMTIlMjExbTMlMjExZDI1NDguNDkzOTA0MjI1MzQzNiUyMTJkMTkuMDMwMTM2MzE1NzI1OTclMjEzZDUwLjMwMTM3NDM3OTQ1NTE0JTIxMm0zJTIxMWYwJTIxMmYwJTIxM2YwJTIxM20yJTIxMWkxMDI0JTIxMmk3NjglMjE0ZjEzLjElMjEzbTMlMjExbTIlMjExczB4NDcxNmQxOTU3Mjc1MmIwZiUyNTNBMHhiNzBiZGZjMzIyZThiOWMyJTIxMnNTQ0slMkJXaWxsYSUyQkZpdHpuZXJhJTIxNWUwJTIxM20yJTIxMXNlbiUyMTJzdXMlMjE0djE0OTA4MTYyOTgyNTclMjIlMjB3aWR0aCUzRCUyMjYwMCUyMiUyMGhlaWdodCUzRCUyMjI1MCUyMiUyMGZyYW1lYm9yZGVyJTNEJTIyMCUyMiUyMHN0eWxlJTNEJTIyYm9yZGVyJTNBMCUyMiUyMGFsbG93ZnVsbHNjcmVlbiUzRSUzQyUyRmlmcmFtZSUzRQ==&#8221;][vc_tta_section title=&#8221;Informacje o obiekcie&#8221; tab_id=&#8221;informacje&#8221;][\/vc_column_text][vc_gallery type=&#8221;nivo&#8221; interval=&#8221;5&#8243; images=&#8221;4306,4829,4831&#8243; img_size=&#8221;998&#215;553&#8243; onclick=&#8221;&#8221; css_animation=&#8221;fadeIn&#8221;][vc_column_text]Odrestaurowana i oddana do u\u017cytku w 2010 roku zabytkowa willa s\u0142awnego przemys\u0142owca Wilhelma Fitznera to doskona\u0142e miejsce na kameralne, ale cz\u0119sto bardzo presti\u017cowe, koncerty i spotkania. Sala widowiskowa na ok. 60 miejsc siedz\u0105cych (mog\u0105ca tak\u017ce pe\u0142ni\u0107 funkcj\u0119 sali balowej) zachwyca go\u015bci elegancj\u0105 i kunsztowno\u015bci\u0105 zdobie\u0144 oraz dekoracji. Do dyspozycji odwiedzaj\u0105cych jest tak\u017ce kawiarnia.<\/p>\n<p>Willa Fitznera uwa\u017cana jest za ozdob\u0119 Siemianowic \u015al\u0105skich i per\u0142\u0119 architektoniczn\u0105 centrum miasta. W roku 2010 obiekt, po latach stopniowego niszczenia, dzi\u0119ki kompletnej renowacji \u2013 zapocz\u0105tkowa\u0142 sw\u0105 drug\u0105 m\u0142odo\u015b\u0107. Wspaniale odrestaurowany budynek jest obecnie o\u015brodkiem Siemianowickiego Centrum Kultury, w kt\u00f3rym odbywaj\u0105 si\u0119 r\u00f3\u017cnego typu wydarzenia kulturalne. Niekt\u00f3re z nich \u2013 jak np. cykle \u201eCzwartkowe wieczory kulturalne\u201d, \u201eZnani Siemianowiczanie\u201d i \u201eMuzyczny Elementarz Malucha\u201d \u2013 zd\u0105\u017cy\u0142y ju\u017c trwale wpisa\u0107 si\u0119 w kanon siemianowickiego \u017cycia kulturalnego. Na poddaszu Willi sw\u0105 siedzib\u0119 ma tak\u017ce pr\u0119\u017cnie dzia\u0142aj\u0105ca Grupa Plastyczna \u201eSpichlerz \u201886\u201d.<\/p>\n<p>Fitznerowie, kt\u00f3rym zawdzi\u0119czamy istnienie Willi, byli niegdy\u015b jedn\u0105 z najznamienitszych rodzin w mie\u015bcie. Na pozycj\u0119 t\u0119 pracowali jednak latami. Senior rodu, Wilhelm Fitzner, przyby\u0142 na G\u00f3rny \u015al\u0105sk z Brunszwiku jako prosty rzemie\u015blnik. W po\u0142owie XIX w. zdecydowa\u0142 si\u0119 wybudowa\u0107 ku\u017ani\u0119 przy hucie Donnersmarck\u00f3w, aby wkr\u00f3tce potem rozpocz\u0105\u0107 w pe\u0142ni niezale\u017cn\u0105 karier\u0119 biznesow\u0105. Za\u0142o\u017cony przez niego w 1868 r. zak\u0142ad, zajmuj\u0105cy si\u0119 produkcj\u0105 \u015brub, nit\u00f3w i nakr\u0119tek, a znany w wieku XX pod nazwami \u201eFitznerowska Fabryka \u015arub i Nit\u00f3w\u201d i \u201eSiemianowicka Fabryka \u015arub i Nit\u00f3w\u201d, funkcjonuje pod dzi\u015b dzie\u0144 pod nazw\u0105 \u201eFabryka Element\u00f3w Z\u0142\u0105cznych\u201d. Wilhelm Fitzner utworzy\u0142 tak\u017ce s\u0142ynn\u0105 \u201eFabryk\u0119 Kot\u0142\u00f3w Parowych\u201d, kt\u00f3ra po II wojnie \u015bwiatowej zosta\u0142a znacjonalizowana i przekszta\u0142cona w Zak\u0142ady Naprawy Czo\u0142g\u00f3w, nast\u0119pnie Wojskowe Zak\u0142ady Motoryzacyjne nr 1, a wreszcie \u2013 Wojskowe Zak\u0142ady Mechaniczne. Spadkobiercy Wilhelma Fitznera zdo\u0142ali pomno\u017cy\u0107 maj\u0105tek zgromadzony przez nestora rodu i ugruntowa\u0107 pozycj\u0119 rodziny w regionie.<\/p>\n<p>U swoich pocz\u0105tk\u00f3w (czyli w latach 1859-1883) sama Willa Fitznera by\u0142a budowl\u0105 do\u015b\u0107 skromn\u0105 &#8211; parterow\u0105. Z biegiem lat, dzi\u0119ki kolejnym przebudowom (m.in. nadbudowaniu pi\u0119tra), posiad\u0142o\u015b\u0107 stawa\u0142a si\u0119 okazalsza, aby wreszcie zyska\u0107 kszta\u0142t czarownego pa\u0142acyku. Nieco eklektyczny budynek jest wzorowany na willach \u015br\u00f3dziemnomorskich, kt\u00f3re architektonicznie nawi\u0105zuj\u0105 w pierwszym rz\u0119dzie do wzorc\u00f3w antycznych. W roku 1901 znaczn\u0105 cz\u0119\u015b\u0107 posiad\u0142o\u015bci Fitzner\u00f3w strawi\u0142 po\u017car. Trwaj\u0105ca oko\u0142o dwu lat odbudowa przynios\u0142a kolejne przemieszczenia w koncepcji architektonicznej budynku. Szczeg\u00f3\u0142owy i fachowy opis kolejnych przeobra\u017ce\u0144 oraz obecnego stanu architektonicznego Willi daje Ma\u0142gorzata Derus w artykule \u201eZ dziej\u00f3w Willi Fitznera\u201d dost\u0119pnym na stronie internetowej www.siemianowice.pl.<\/p>\n<p>Wiek XX by\u0142 wiekiem popadania Willi w ruin\u0119. Podczas drugiej wojny \u015bwiatowej budowl\u0119 u\u017cytkowa\u0142a Aktiengesellschaft FERRUM Werk Laurah\u00fctte. Willa zosta\u0142a rozparcelowana na mieszkania. Po wojnie jurysdykcj\u0119 nad budynkiem przej\u0119\u0142a Huta \u201eJedno\u015b\u0107\u201d, a nast\u0119pnie cz\u0119\u015b\u0107 parterowa Willi trafi\u0142a w r\u0119ce prywatne.<\/p>\n<p>Gmina Siemianowice jest w posiadaniu Willi Fitznera od roku 2009, w kt\u00f3rym to rozpocz\u0119\u0142y si\u0119 prace renowacyjne i powsta\u0142a koncepcja nadania obiektowi obecnej funkcji i znacz\u0105cego miejsca na kulturalnej mapie Siemianowic.<\/p>\n<p>[\/vc_column_text][vc_empty_space height=&#8221;1px&#8221;][vc_tta_section title=&#8221;Oferta wynajmu&#8221; tab_id=&#8221;oferta-wynajmu&#8221;][vc_column_text]<\/p>\n<div class=\"wpb_text_column wpb_content_element \">\n<div class=\"wpb_wrapper\">\n<h3><strong>Willa Fitznera oferuje<\/strong><\/h3>\n<p>Koncerty muzyki klasycznej, rozrywkowej w klimatycznej sali na 60 os\u00f3b, spotkania, warsztaty, wernisa\u017ce,\u00a0wynajem sali konferencyjnej,\u00a0zwiedzanie pomieszcze\u0144 XIX willi z przewodnikiem (po wcze\u015bniejszym uzgodnieniu).<\/p>\n<p><a href=\"https:\/\/www.siemck.pl\/wp-content\/uploads\/SKMBT_C28022030213390.pdf\">Regulamin SCK- Willi Fitznera w trakcie zagro\u017cenia epidemicznego<\/a><\/p>\n<h3>Do dyspozycji<\/h3>\n<ul>\n<li>Sala balowa (widowiskowa) na 50 \u2013 70 os\u00f3b<\/li>\n<li>Ogr\u00f3d zimowy na 20 os\u00f3b<\/li>\n<\/ul>\n<p><img loading=\"lazy\" class=\"alignnone wp-image-19612\" src=\"https:\/\/www.siemck.pl\/wp-content\/uploads\/sala-400x267.jpg\" alt=\"\" width=\"451\" height=\"301\" srcset=\"https:\/\/www.siemck.pl\/wp-content\/uploads\/sala-400x267.jpg 400w, https:\/\/www.siemck.pl\/wp-content\/uploads\/sala-768x512.jpg 768w, https:\/\/www.siemck.pl\/wp-content\/uploads\/sala-2000x1333.jpg 2000w, https:\/\/www.siemck.pl\/wp-content\/uploads\/sala-600x400.jpg 600w\" sizes=\"(max-width: 451px) 100vw, 451px\" \/>\u00a0 \u00a0 <img loading=\"lazy\" class=\"alignnone wp-image-19613\" src=\"https:\/\/www.siemck.pl\/wp-content\/uploads\/oranzeria-400x267.jpg\" alt=\"\" width=\"449\" height=\"300\" srcset=\"https:\/\/www.siemck.pl\/wp-content\/uploads\/oranzeria-400x267.jpg 400w, https:\/\/www.siemck.pl\/wp-content\/uploads\/oranzeria-768x512.jpg 768w, https:\/\/www.siemck.pl\/wp-content\/uploads\/oranzeria-2000x1333.jpg 2000w, https:\/\/www.siemck.pl\/wp-content\/uploads\/oranzeria-600x400.jpg 600w\" sizes=\"(max-width: 449px) 100vw, 449px\" \/><\/p>\n<p><img loading=\"lazy\" class=\"alignnone wp-image-19614\" src=\"https:\/\/www.siemck.pl\/wp-content\/uploads\/patio-400x267.jpg\" alt=\"\" width=\"449\" height=\"300\" srcset=\"https:\/\/www.siemck.pl\/wp-content\/uploads\/patio-400x267.jpg 400w, https:\/\/www.siemck.pl\/wp-content\/uploads\/patio-768x512.jpg 768w, https:\/\/www.siemck.pl\/wp-content\/uploads\/patio-2000x1333.jpg 2000w, https:\/\/www.siemck.pl\/wp-content\/uploads\/patio-600x400.jpg 600w\" sizes=\"(max-width: 449px) 100vw, 449px\" \/>\u00a0 \u00a0 <img loading=\"lazy\" class=\"alignnone wp-image-19615\" src=\"https:\/\/www.siemck.pl\/wp-content\/uploads\/IMG_1469-400x267.jpg\" alt=\"\" width=\"451\" height=\"301\" srcset=\"https:\/\/www.siemck.pl\/wp-content\/uploads\/IMG_1469-400x267.jpg 400w, https:\/\/www.siemck.pl\/wp-content\/uploads\/IMG_1469-768x512.jpg 768w, https:\/\/www.siemck.pl\/wp-content\/uploads\/IMG_1469-2000x1333.jpg 2000w, https:\/\/www.siemck.pl\/wp-content\/uploads\/IMG_1469-600x400.jpg 600w\" sizes=\"(max-width: 451px) 100vw, 451px\" \/><\/p>\n<p>&nbsp;<\/p>\n<p><a href=\"https:\/\/www.siemck.pl\/wp-content\/uploads\/Cennik-wynajmu-pomieszczen-Siemianowickiego-Centrum-Kultury-na-rok-2024.pdf\">Cennik wynajmu pomieszcze\u0144 Siemianowickiego Centrum Kultury na rok 2024<\/a><br \/>\n<a href=\"\/wp-content\/uploads\/Sprzet_audiowizualny_SCK_Willa_Fitznera.pdf\" target=\"_blank\" rel=\"noopener\">Lista sprz\u0119tu audiowizualnego na wyposa\u017ceniu\u00a0SCK Willa Fitznera<\/a><\/p>\n<\/div>\n<\/div>\n<p>[\/vc_column_text][vc_empty_space height=&#8221;1px&#8221;][\/vc_tta_section][\/vc_column][\/vc_row]<\/p>\n","protected":false},"excerpt":{"rendered":"<p>[vc_row][vc_column][vc_tta_tabs style=&#8221;modern&#8221; shape=&#8221;square&#8221; spacing=&#8221;2&#8243; active_section=&#8221;1&#8243; css_animation=&#8221;fadeIn&#8221;][\/vc_tta_tabs][vc_tta_section title=&#8221;Dane kontaktowe&#8221; tab_id=&#8221;dane-kontaktowe&#8221;][\/vc_tta_section][vc_row_inner][vc_column_inner width=&#8221;1\/3&#8243;][vc_column_text] SCK &#8211; Willa Fitznera ul. Fitzner\u00f3w 3 41- 100 Siemianowice \u015al\u0105skie k.bogdol@siemck.pl https:\/\/www.facebook.com\/WillaFitznera[\/vc_column_text][\/vc_column_inner][vc_column_inner width=&#8221;1\/3&#8243;][vc_column_text] Telefon (+48)\u00a032 763 27 34 Krzysztof Bogdo\u0142 &#8211; Kierwnik Willi Fitznera tel. 506 002 705 Rezerwacje k.bogdol@siemck.pl [\/vc_column_text][\/vc_column_inner][vc_column_inner width=&#8221;1\/3&#8243;][vc_column_text] Biuro\/ punkt sprzeda\u017cy bilet\u00f3w Poniedzia\u0142ek &#8211; Pi\u0105tek w godz. 8.00-16.00 oraz podczas [&hellip;]<\/p>\n","protected":false},"author":1,"featured_media":0,"parent":0,"menu_order":0,"comment_status":"closed","ping_status":"closed","template":"page_fullwidth.php","meta":[],"_links":{"self":[{"href":"https:\/\/www.siemck.pl\/wp-json\/wp\/v2\/pages\/2145"}],"collection":[{"href":"https:\/\/www.siemck.pl\/wp-json\/wp\/v2\/pages"}],"about":[{"href":"https:\/\/www.siemck.pl\/wp-json\/wp\/v2\/types\/page"}],"author":[{"embeddable":true,"href":"https:\/\/www.siemck.pl\/wp-json\/wp\/v2\/users\/1"}],"replies":[{"embeddable":true,"href":"https:\/\/www.siemck.pl\/wp-json\/wp\/v2\/comments?post=2145"}],"version-history":[{"count":120,"href":"https:\/\/www.siemck.pl\/wp-json\/wp\/v2\/pages\/2145\/revisions"}],"predecessor-version":[{"id":27839,"href":"https:\/\/www.siemck.pl\/wp-json\/wp\/v2\/pages\/2145\/revisions\/27839"}],"wp:attachment":[{"href":"https:\/\/www.siemck.pl\/wp-json\/wp\/v2\/media?parent=2145"}],"curies":[{"name":"wp","href":"https:\/\/api.w.org\/{rel}","templated":true}]}}