{"id":2138,"date":"2017-03-18T17:26:36","date_gmt":"2017-03-18T16:26:36","guid":{"rendered":"http:\/\/siemck.sac.pl\/?page_id=2138"},"modified":"2026-01-09T14:01:46","modified_gmt":"2026-01-09T13:01:46","slug":"bytkow","status":"publish","type":"page","link":"https:\/\/www.siemck.pl\/bytkow\/","title":{"rendered":"SCK &#8211; Bytk\u00f3w"},"content":{"rendered":"<p>[vc_row][vc_column][vc_tta_tabs style=&#8221;modern&#8221; shape=&#8221;square&#8221; spacing=&#8221;2&#8243; active_section=&#8221;1&#8243; css_animation=&#8221;fadeIn&#8221;][\/vc_tta_tabs][vc_tta_section title=&#8221;Dane kontaktowe&#8221; tab_id=&#8221;dane-kontaktowe&#8221;][\/vc_tta_section][vc_row_inner][\/vc_row_inner][vc_column_inner width=&#8221;1\/3&#8243;][vc_column_text]<\/p>\n<h3>SCK &#8211; Bytk\u00f3w | Centrala<\/h3>\n<p>ul. Niepodleg\u0142o\u015bci 45<\/p>\n<p>41-106 Siemianowice \u015al\u0105skie<\/p>\n<p><a href=\"mailto:sekretariat@siemck.pl\">sekretariat@siemck.pl<\/a><\/p>\n<p>NIP 6431734514 | REGON 241095235[\/vc_column_text][\/vc_column_inner][vc_column_inner width=&#8221;1\/3&#8243;][vc_column_text]<\/p>\n<h3>Telefon<\/h3>\n<p>(+48) 32 228 72 80<\/p>\n<h3>Numer rachunku<\/h3>\n<p>ING Bank \u015al\u0105ski\u00a0w Katowicach<\/p>\n<p>33 1050 1214 1000 0023 4123 1187[\/vc_column_text][\/vc_column_inner][vc_column_inner width=&#8221;1\/3&#8243;][\/vc_column_inner][vc_column_text]<\/p>\n<h3>Godziny otwarcia<\/h3>\n<p>Poniedzia\u0142ek \u2013 Pi\u0105tek od 8:00 do 16:00<\/p>\n<h3>Punkt sprzeda\u017cy bilet\u00f3w dost\u0119pny pod linkiem:<\/h3>\n<p><a href=\"https:\/\/www.siemck.pl\/godziny-otwarcia-kasy\/\">Godziny otwarcia kasy<\/a><\/p>\n<p><strong>Ewentualne zwroty prosimy ustala\u0107 telefonicznie tel. 32 228 72 80 wew. 16<br \/>\n<\/strong><\/p>\n<p>Dodatkowo kasa czynna jest na <strong>dwie godziny przed ka\u017cd\u0105 niewyprzedan\u0105 imprez\u0105<\/strong> w SCK Bytk\u00f3w. Istnieje tak\u017ce mo\u017cliwo\u015b\u0107 zap\u0142acenia za bilety przelewem jednak przelew musi by\u0107 wykonany najp\u00f3\u017aniej 3 dni przed imprez\u0105. Rezerwacje bilet\u00f3w wa\u017cne s\u0105 siedem dni. Po tym terminie nieodebrane bilety wracaj\u0105 do sprzeda\u017cy.<\/p>\n<p><a href=\"https:\/\/www.siemck.pl\/wp-content\/uploads\/3.Z.25-Regulamin-sprzedeazy-biletow-indywidualnych-i-grupowych.pdf\">3.Z.25 Regulamin sprzedea\u017cy bilet\u00f3w indywidualnych i grupowych<\/a><\/p>\n<p><a href=\"https:\/\/www.siemck.pl\/wp-content\/uploads\/4.Z.25-Regulamin-sprzedazy-biletow-on-line.pdf\">4.Z.25 Regulamin sprzeda\u017cy bilet\u00f3w on-line<\/a><\/p>\n<p>&nbsp;<\/p>\n<p>[vc_gmaps link=&#8221;#E-8_JTNDaWZyYW1lJTIwc3JjJTNEJTIyaHR0cHMlM0ElMkYlMkZ3d3cuZ29vZ2xlLmNvbSUyRm1hcHMlMkZlbWJlZCUzRnBiJTNEJTIxMW0xOCUyMTFtMTIlMjExbTMlMjExZDI1NDguNDIwNTI3NjU0MzMzJTIxMmQxOS4wMDQyMzkzMTYwNzI3MiUyMTNkNTAuMzAyNzQzODc5NDU1MzM1JTIxMm0zJTIxMWYwJTIxMmYwJTIxM2YwJTIxM20yJTIxMWkxMDI0JTIxMmk3NjglMjE0ZjEzLjElMjEzbTMlMjExbTIlMjExczB4NDcxNmQxZjUyMTUyZmVkOSUyNTNBMHhhMjY3OGYyY2U3NjZmZGRlJTIxMnNTaWVtaWFub3dpY2tpZSUyQkNlbnRydW0lMkJLdWx0dXJ5JTIxNWUwJTIxM20yJTIxMXNlbiUyMTJzdXMlMjE0djE0OTA3MDYyOTYzODElMjIlMjB3aWR0aCUzRCUyMjYwMCUyMiUyMGhlaWdodCUzRCUyMjI1MCUyMiUyMGZyYW1lYm9yZGVyJTNEJTIyMCUyMiUyMHN0eWxlJTNEJTIyYm9yZGVyJTNBMCUyMiUyMGFsbG93ZnVsbHNjcmVlbiUzRSUzQyUyRmlmcmFtZSUzRQ==&#8221;][vc_tta_section title=&#8221;Informacje o obiekcie&#8221; tab_id=&#8221;informacje&#8221;][\/vc_column_text][vc_gallery type=&#8221;nivo&#8221; interval=&#8221;5&#8243; images=&#8221;4236,4238,4231&#8243; img_size=&#8221;998\u00d7553&#8243; onclick=&#8221;&#8221; css_animation=&#8221;fadeIn&#8221;][vc_column_text]Siedziba g\u0142\u00f3wna SCK mie\u015bci si\u0119 w dziewi\u0119tnastowiecznym budynku dawnej karczmy. Obiekt wyposa\u017cony jest m.in. w wielofunkcyjn\u0105 sal\u0119 widowiskow\u0105 (na ok. 300 miejsc siedz\u0105cych) oraz mniejsz\u0105 sal\u0119 baletow\u0105. SCK Bytk\u00f3w jest miejscem organizacji wielu\u00a0wydarze\u0144 kulturalnych i rozrywkowych.<\/p>\n<h3>Historia obiektu<\/h3>\n<p>Historia dzisiejszej siedziby g\u0142\u00f3wnej Siemianowickiego Centrum Kultury si\u0119ga zapewne daleko w wiek XIX. (Informacje historyczne za: Ma\u0142gorzata Derus, Zabytki Siemianowic \u015al\u0105skich. Budynki u\u017cyteczno\u015bci publicznej, Siemianowice \u015al. 2004, s. 53 \u2013 57). Pierwsza znana wzmianka o murowanej ju\u017c w\u00f3wczas karczmie zlokalizowanej na obrze\u017cach Bytkowa pochodzi z roku 1877. \u00d3wczesny w\u0142a\u015bciciel, Constantin Wutke, zbudowa\u0142 przy karczmie drewnian\u0105 kr\u0119gielni\u0119.<\/p>\n<p>W ostatniej dekadzie XIX stulecia Franz Wawrzinek dobudowa\u0142 do gospody sal\u0119 taneczn\u0105 na zlecenie w\u0142a\u015bciciela przybytku w latach 1891-1896 \u2013 Johanna Makoscha. W roku 1896 w\u0142a\u015bciciel zmieni\u0142 si\u0119 po raz kolejny: gospod\u0119 kupi\u0142 Hugo Boese. Trzy lata p\u00f3\u017aniej jej wsp\u00f3\u0142w\u0142a\u015bcicielami zostali Johann Boese (brat Hugona) i jego \u017cona Maria. W roku 1903 wsp\u00f3\u0142w\u0142a\u015bcicielk\u0105 zosta\u0142a tak\u017ce \u017cona Hugona \u2013 Martha z domu Reifland \u2013 kt\u00f3ra po \u015bmierci pierwszego m\u0119\u017ca wysz\u0142a ponownie za m\u0105\u017c, czyni\u0105c jednocze\u015bnie nowego m\u0119\u017ca \u2013 nowym w\u0142a\u015bcicielem karczmy. M\u0119\u017cem tym by\u0142 nie kto inny, jak Adolf Geisler, osoba do dzi\u015b kojarzona w pierwszym rz\u0119dzie przez siemianowiczan z budynkiem przy Niepodleg\u0142o\u015bci 45. W roku 1905 Adolf Geisler przedsi\u0119wzi\u0105\u0142 rozbudow\u0119 i modernizacj\u0119 obiektu, kt\u00f3ry \u2013 dzi\u0119ki podniesieniu standardu i unowocze\u015bnieniu pomieszcze\u0144, poszerzeniu oferty oraz bogatemu zdobieniu elewacji \u2013 zyska\u0142 na presti\u017cu i m\u00f3g\u0142 awansowa\u0107 w oczach mieszka\u0144c\u00f3w do rangi wielofunkcyjnej restauracji. U Geislera mo\u017cna wi\u0119c by\u0142o zar\u00f3wno zje\u015b\u0107, napi\u0107 si\u0119 r\u00f3\u017cnego rodzaju trunk\u00f3w, pota\u0144czy\u0107, a tak\u017ce obejrze\u0107 wyst\u0119py estradowe (na sali tanecznej wybudowana zosta\u0142a scena). Zorientowana na wsch\u00f3d fasada budynku, kt\u00f3ra do dzi\u015b zachowa\u0142a wiele ze swojego wygl\u0105du z pierwszych lat XX w., zaprojektowana zosta\u0142a w stylu eklektycznym, niejednorodnym, z elementami secesji.<\/p>\n<p>Budynek pe\u0142ni\u0142 funkcj\u0119 restauracji a\u017c do roku 1958, w kt\u00f3rym to zosta\u0142 przej\u0119ty przez Skarb Pa\u0144stwa. Na pocz\u0105tku lat 70. powo\u0142ano tutaj do \u017cycia dom kultury siemianowickiego zak\u0142adu \u201eKot\u0142omonta\u017c\u201d , a w roku 1993 \u2013 po przej\u0119ciu budynku przez miasto w 1989 i wykonaniu remontu \u2013 urz\u0105dzono w nim Centrum Kultury, kt\u00f3re funkcjonuje i rozwija si\u0119 po dzi\u015b dzie\u0144.<\/p>\n<h3>Obecnie<\/h3>\n<p>Od roku 2009, po utworzeniu Siemianowickiego Centrum Kultury, w kt\u00f3rego sk\u0142ad wesz\u0142y w\u00f3wczas trzy jednostki organizacyjne (zob. zak\u0142adk\u0119 \u201eO nas\u201d), przy Niepodleg\u0142o\u015bci 45 mie\u015bci si\u0119 siedziba g\u0142\u00f3wna SCK. <strong>W plac\u00f3wce odbywa si\u0119 kilkadziesi\u0105t imprez kulturalnych i rozrywkowych rocznie<\/strong>. Bez niekt\u00f3rych z nich kulturalny rys Siemianowic przedstawia\u0142by si\u0119 niepor\u00f3wnanie ubo\u017cej. Wystarczy wymieni\u0107 chocia\u017cby cykliczn\u0105 <strong>\u201eOtwart\u0105 Scen\u0119 Muzyczn\u0105\u201d<\/strong>, kt\u00f3ra zyska\u0142a rang\u0119 og\u00f3lnopolskiego przegl\u0105du m\u0142odych zespo\u0142\u00f3w muzycznych, koncerty najwi\u0119kszych gwiazd polskiej sceny muzycznej, spektakle z udzia\u0142em najwybitniejszych aktor\u00f3w rodzimej estrady, kultowe w mie\u015bcie i okolicach <strong>\u201eDyskoteki 40-latk\u00f3w\u201d<\/strong> i <strong>\u201eBabskie combry\u201d<\/strong> lub <strong>\u201eFestiwal Kultury M\u0142odzie\u017cy Szkolnej\u201d<\/strong>, odbywaj\u0105cy si\u0119 nieprzerwanie od pocz\u0105tku istnienia instytucji. SCK Bytk\u00f3w jest ponadto miejscem, w kt\u00f3rym ludzie w ka\u017cdym wieku (a w szczeg\u00f3lno\u015bci dzieci), mog\u0105 rozwija\u0107 swoje talenty i zainteresowania. W SCK dzia\u0142aj\u0105 m.in: <strong>Pracownia Plastyczna \u201eOkienko\u201d<\/strong>, kt\u00f3ra z\u0142otymi zg\u0142oskami zapisuje si\u0119 na kartach historii miasta, a swoj\u0105 dzia\u0142alno\u015bci\u0105 wykracza znacznie poza granice nie tylko miasta i regionu, ale tak\u017ce kraju, <strong>Zesp\u00f3\u0142 Pie\u015bni i Ta\u0144ca \u201eSiemianowice\u201d<\/strong> o ponad stuletniej historii, kt\u00f3ry ze swoim repertuarem zje\u017adzi\u0142 kawa\u0142 \u015bwiata, liczne sekcje i zespo\u0142y.<\/p>\n<h3>Ciekawostka<\/h3>\n<p>Warto odnotowa\u0107, \u017ce z budynkiem SCK Bytk\u00f3w wi\u0105\u017ce si\u0119 legenda, w kt\u00f3rej g\u0142\u00f3wn\u0105 rol\u0119 odgrywa Adolf Geisler (tragicznie zmar\u0142y w niejasnych okoliczno\u015bciach w roku 1917), a \u015bci\u015blej \u2013 jego duch, kt\u00f3ry ma nawiedza\u0107 Siemianowickie Centrum Kultury. W relacjach by\u0142ych pracownik\u00f3w SCK, kt\u00f3rym przypad\u0142o przebywa\u0107 na terenie obiektu w godzinach nocnych, przewija si\u0119 motyw daj\u0105cych si\u0119 s\u0142ysze\u0107 krok\u00f3w osoby wchodz\u0105cej po schodach do cz\u0119\u015bci administracyjnej, a nast\u0119pnie zatrzymuj\u0105cej si\u0119 na pi\u0119trze i schodz\u0105cej z powrotem. Tego typu mro\u017c\u0105ce krew w \u017cy\u0142ach przekazy szybko po\u0142\u0105czono z nag\u0142ymi i niespodziewanymi awariami, kt\u00f3re przydarza\u0142y si\u0119 w SCK kr\u00f3tko po rzekomym zjawieniu si\u0119 tajemniczego ducha (powa\u017cne spi\u0119cie w instalacji elektrycznej, awaria dachu). Te sekwencje zdarze\u0144 zinterpretowano nast\u0119puj\u0105co: mo\u017cna domniemywa\u0107, \u017ce duch, kt\u00f3ry nawiedza Centrum, nie jest wrogim bytem o z\u0142owr\u00f3\u017cbnej proweniencji, ale przychylnym duchem-gospodarzem, kt\u00f3ry dogl\u0105da swojego dobytku i ostrzega obecnych jego u\u017cytkownik\u00f3w przed niebezpiecze\u0144stwami, b\u0119d\u0105c zwiastunem rych\u0142ych problem\u00f3w. A kto inny m\u00f3g\u0142by nawet zza grobu tak troszczy\u0107 si\u0119 o budynek, je\u015bli nie jego najs\u0142ynniejszy gospodarz \u2013 Adolf Geisler.<\/p>\n<p>Obecni pracownicy SCK, proszeni o potwierdzenie lub zaprzeczenie pe\u0142nym grozy pog\u0142oskom, rozmawiaj\u0105 niech\u0119tnie i pr\u00f3buj\u0105 zmieni\u0107 temat lub obr\u00f3ci\u0107 spraw\u0119 w \u017cart.[\/vc_column_text][vc_empty_space height=&#8221;1px&#8221;][vc_tta_section title=&#8221;Oferta wynajmu&#8221; tab_id=&#8221;oferta-wynajmu&#8221;][vc_column_text]<\/p>\n<h3>Do dyspozycji<\/h3>\n<ul>\n<li>Sala widowiskowa na 300 os\u00f3b (w uk\u0142adzie siedz\u0105cym) \/ 350 (w uk\u0142adzie stoj\u0105cym)<\/li>\n<li>Sala baletowa na 50 os\u00f3b<\/li>\n<\/ul>\n<p>&nbsp;<\/p>\n<hr \/>\n<p><a href=\"https:\/\/www.siemck.pl\/wp-content\/uploads\/Cennik-najmu-pomieszczen-Siemianowickiego-Centrum-Kultury-w-roku-2026.pdf\">Cennik najmu pomieszcze\u0144 Siemianowickiego Centrum Kultury w roku 2026<\/a><\/p>\n<p class=\"p1\">L<a href=\"\/wp-content\/uploads\/Sprzet_audiowizualny_SCK_Bytkow.pdf\" target=\"_blank\" rel=\"noopener\">ista sprz\u0119tu audiowizualnego na wyposa\u017ceniu\u00a0SCK Bytk\u00f3w<\/a><span style=\"color: #ffffff;\">.<\/span><\/p>\n<p><img loading=\"lazy\" class=\"alignnone wp-image-19600\" src=\"https:\/\/www.siemck.pl\/wp-content\/uploads\/widowiskowa3-400x267.jpg\" alt=\"\" width=\"466\" height=\"311\" srcset=\"https:\/\/www.siemck.pl\/wp-content\/uploads\/widowiskowa3-400x267.jpg 400w, https:\/\/www.siemck.pl\/wp-content\/uploads\/widowiskowa3-768x512.jpg 768w, https:\/\/www.siemck.pl\/wp-content\/uploads\/widowiskowa3-2000x1333.jpg 2000w, https:\/\/www.siemck.pl\/wp-content\/uploads\/widowiskowa3-600x400.jpg 600w\" sizes=\"(max-width: 466px) 100vw, 466px\" \/>\u00a0 \u00a0<img loading=\"lazy\" class=\"alignnone wp-image-19599\" src=\"https:\/\/www.siemck.pl\/wp-content\/uploads\/widowiskowa2-400x267.jpg\" alt=\"\" width=\"464\" height=\"310\" srcset=\"https:\/\/www.siemck.pl\/wp-content\/uploads\/widowiskowa2-400x267.jpg 400w, https:\/\/www.siemck.pl\/wp-content\/uploads\/widowiskowa2-768x512.jpg 768w, https:\/\/www.siemck.pl\/wp-content\/uploads\/widowiskowa2-2000x1333.jpg 2000w, https:\/\/www.siemck.pl\/wp-content\/uploads\/widowiskowa2-600x400.jpg 600w\" sizes=\"(max-width: 464px) 100vw, 464px\" \/><\/p>\n<p><img loading=\"lazy\" class=\"alignnone wp-image-19598\" src=\"https:\/\/www.siemck.pl\/wp-content\/uploads\/widowiskowa1-400x267.jpg\" alt=\"\" width=\"467\" height=\"312\" srcset=\"https:\/\/www.siemck.pl\/wp-content\/uploads\/widowiskowa1-400x267.jpg 400w, https:\/\/www.siemck.pl\/wp-content\/uploads\/widowiskowa1-768x512.jpg 768w, https:\/\/www.siemck.pl\/wp-content\/uploads\/widowiskowa1-2000x1333.jpg 2000w, https:\/\/www.siemck.pl\/wp-content\/uploads\/widowiskowa1-600x400.jpg 600w\" sizes=\"(max-width: 467px) 100vw, 467px\" \/>\u00a0 \u00a0<img loading=\"lazy\" class=\"alignnone wp-image-19603\" src=\"https:\/\/www.siemck.pl\/wp-content\/uploads\/sala-widowiskowa-zbli\u017cenie-na-scen\u0119-400x267.jpg\" alt=\"\" width=\"467\" height=\"312\" srcset=\"https:\/\/www.siemck.pl\/wp-content\/uploads\/sala-widowiskowa-zbli\u017cenie-na-scen\u0119-400x267.jpg 400w, https:\/\/www.siemck.pl\/wp-content\/uploads\/sala-widowiskowa-zbli\u017cenie-na-scen\u0119-768x512.jpg 768w, https:\/\/www.siemck.pl\/wp-content\/uploads\/sala-widowiskowa-zbli\u017cenie-na-scen\u0119-2000x1333.jpg 2000w, https:\/\/www.siemck.pl\/wp-content\/uploads\/sala-widowiskowa-zbli\u017cenie-na-scen\u0119-600x400.jpg 600w\" sizes=\"(max-width: 467px) 100vw, 467px\" \/><\/p>\n<p><img loading=\"lazy\" class=\"alignnone wp-image-19596\" src=\"https:\/\/www.siemck.pl\/wp-content\/uploads\/baletowa1-400x267.jpg\" alt=\"\" width=\"466\" height=\"311\" srcset=\"https:\/\/www.siemck.pl\/wp-content\/uploads\/baletowa1-400x267.jpg 400w, https:\/\/www.siemck.pl\/wp-content\/uploads\/baletowa1-768x512.jpg 768w, https:\/\/www.siemck.pl\/wp-content\/uploads\/baletowa1-2000x1333.jpg 2000w, https:\/\/www.siemck.pl\/wp-content\/uploads\/baletowa1-600x400.jpg 600w\" sizes=\"(max-width: 466px) 100vw, 466px\" \/>\u00a0 \u00a0<img loading=\"lazy\" class=\"alignnone wp-image-19597\" src=\"https:\/\/www.siemck.pl\/wp-content\/uploads\/baletowa2-400x267.jpg\" alt=\"\" width=\"468\" height=\"312\" srcset=\"https:\/\/www.siemck.pl\/wp-content\/uploads\/baletowa2-400x267.jpg 400w, https:\/\/www.siemck.pl\/wp-content\/uploads\/baletowa2-768x512.jpg 768w, https:\/\/www.siemck.pl\/wp-content\/uploads\/baletowa2-2000x1333.jpg 2000w, https:\/\/www.siemck.pl\/wp-content\/uploads\/baletowa2-600x400.jpg 600w\" sizes=\"(max-width: 468px) 100vw, 468px\" \/><\/p>\n<p>[\/vc_column_text][vc_empty_space height=&#8221;1px&#8221;][\/vc_tta_section][\/vc_column][\/vc_row]<\/p>\n","protected":false},"excerpt":{"rendered":"<p>[vc_row][vc_column][vc_tta_tabs style=&#8221;modern&#8221; shape=&#8221;square&#8221; spacing=&#8221;2&#8243; active_section=&#8221;1&#8243; css_animation=&#8221;fadeIn&#8221;][\/vc_tta_tabs][vc_tta_section title=&#8221;Dane kontaktowe&#8221; tab_id=&#8221;dane-kontaktowe&#8221;][\/vc_tta_section][vc_row_inner][\/vc_row_inner][vc_column_inner width=&#8221;1\/3&#8243;][vc_column_text] SCK &#8211; Bytk\u00f3w | Centrala ul. Niepodleg\u0142o\u015bci 45 41-106 Siemianowice \u015al\u0105skie sekretariat@siemck.pl NIP 6431734514 | REGON 241095235[\/vc_column_text][\/vc_column_inner][vc_column_inner width=&#8221;1\/3&#8243;][vc_column_text] Telefon (+48) 32 228 72 80 Numer rachunku ING Bank \u015al\u0105ski\u00a0w Katowicach 33 1050 1214 1000 0023 4123 1187[\/vc_column_text][\/vc_column_inner][vc_column_inner width=&#8221;1\/3&#8243;][\/vc_column_inner][vc_column_text] Godziny otwarcia Poniedzia\u0142ek \u2013 Pi\u0105tek od 8:00 [&hellip;]<\/p>\n","protected":false},"author":1,"featured_media":0,"parent":0,"menu_order":0,"comment_status":"closed","ping_status":"closed","template":"page_fullwidth.php","meta":[],"_links":{"self":[{"href":"https:\/\/www.siemck.pl\/wp-json\/wp\/v2\/pages\/2138"}],"collection":[{"href":"https:\/\/www.siemck.pl\/wp-json\/wp\/v2\/pages"}],"about":[{"href":"https:\/\/www.siemck.pl\/wp-json\/wp\/v2\/types\/page"}],"author":[{"embeddable":true,"href":"https:\/\/www.siemck.pl\/wp-json\/wp\/v2\/users\/1"}],"replies":[{"embeddable":true,"href":"https:\/\/www.siemck.pl\/wp-json\/wp\/v2\/comments?post=2138"}],"version-history":[{"count":336,"href":"https:\/\/www.siemck.pl\/wp-json\/wp\/v2\/pages\/2138\/revisions"}],"predecessor-version":[{"id":30065,"href":"https:\/\/www.siemck.pl\/wp-json\/wp\/v2\/pages\/2138\/revisions\/30065"}],"wp:attachment":[{"href":"https:\/\/www.siemck.pl\/wp-json\/wp\/v2\/media?parent=2138"}],"curies":[{"name":"wp","href":"https:\/\/api.w.org\/{rel}","templated":true}]}}