{"id":15349,"date":"2020-09-10T15:44:34","date_gmt":"2020-09-10T13:44:34","guid":{"rendered":"https:\/\/siemck.pl\/?page_id=15349"},"modified":"2023-10-27T14:56:31","modified_gmt":"2023-10-27T12:56:31","slug":"deklaracja-dostepnosci","status":"publish","type":"page","link":"https:\/\/www.siemck.pl\/deklaracja-dostepnosci\/","title":{"rendered":"Deklaracja dost\u0119pno\u015bci"},"content":{"rendered":"<h1 id=\"a11y-deklaracja\">Deklaracja dost\u0119pno\u015bci Siemianowickiego Centrum Kultury<\/h1>\n<p id=\"a11y-wstep\"><span id=\"a11y-podmiot\">Siemianowickie Centrum Kultury<\/span> zobowi\u0105zuje si\u0119 zapewni\u0107 dost\u0119pno\u015b\u0107 swojej strony internetowej zgodnie z przepisami ustawy z dnia 4\u00a0kwietnia 2019\u00a0r. o\u00a0dost\u0119pno\u015bci cyfrowej stron internetowych i\u00a0aplikacji mobilnych podmiot\u00f3w publicznych. O\u015bwiadczenie w sprawie dost\u0119pno\u015bci ma zastosowanie do strony internetowej <a id=\"a11y-url\" href=\"https:\/\/siemck.pl\">Siemianowickiego Centrum Kultury<\/a>.<\/p>\n<ul>\n<li>Data publikacji strony internetowej: <time id=\"a11y-data-publikacja\" datetime=\"2017-04-06\">2017-04-06<\/time><\/li>\n<li>Data ostatniej istotnej aktualizacji: <time id=\"a11y-data-aktualizacja\" datetime=\"2020-06-09\">2023-03-30<\/time><\/li>\n<\/ul>\n<h2>Status pod wzgl\u0119dem zgodno\u015bci z ustaw\u0105<\/h2>\n<p>Strona internetowa jest <strong id=\"a11y-status\">cz\u0119\u015bciowo zgodna<\/strong> z\u00a0ustaw\u0105 o\u00a0dost\u0119pno\u015bci cyfrowej stron internetowych i\u00a0aplikacji mobilnych podmiot\u00f3w publicznych z\u00a0powodu niezgodno\u015bci lub wy\u0142\u0105cze\u0144 wymienionych poni\u017cej.<\/p>\n<h3>Tre\u015bci niedost\u0119pne<\/h3>\n<ul>\n<li>na stronie internetowej wyst\u0119puj\u0105 niepe\u0142ne opisy alternatywne element\u00f3w nietekstowych,<\/li>\n<li>filmy nie posiadaj\u0105 audiodeskrypcji oraz napis\u00f3w, gdy\u017c w wi\u0119kszo\u015bci zosta\u0142y opublikowane przed wej\u015bciem w \u017cycie ustawy o dost\u0119pno\u015bci cyfrowej,<\/li>\n<\/ul>\n<h3>Przygotowanie deklaracji w sprawie dost\u0119pno\u015bci<\/h3>\n<ul>\n<li>Deklaracj\u0119 sporz\u0105dzono dnia: <time id=\"a11y-data-sporzadzenie\" datetime=\"2020-09-18\">2020-09-18<\/time><\/li>\n<li>Deklaracj\u0119 zosta\u0142a ostatnio poddana przegl\u0105dowi i aktualizacji dnia: <time id=\"a11y-data-deklaracja-przeglad\" datetime=\"2020-09-18\">2023-03-30<\/time><\/li>\n<\/ul>\n<p>Deklaracj\u0119 sporz\u0105dzono na podstawie oceny podmiotu zewn\u0119trznego przeprowadzonej przez <span id=\"a11y-audytor\">Fundacja Transgresja<\/span>.<\/p>\n<h2 id=\"a11y-kontakt\">Informacje zwrotne i dane kontaktowe<\/h2>\n<ul>\n<li>Za rozpatrywanie uwag i wniosk\u00f3w odpowiada: <span id=\"a11y-osoba\">Marek Omelan<\/span>.<\/li>\n<li>E-mail: <span id=\"a11y-email\">m.omelan@siemck.pl<\/span><\/li>\n<li>Telefon: <span id=\"a11y-telefon\">327652740<\/span><\/li>\n<\/ul>\n<p id=\"a11y-procedura\">Ka\u017cdy ma prawo:<\/p>\n<ul>\n<li>zg\u0142osi\u0107 uwagi dotycz\u0105ce dost\u0119pno\u015bci cyfrowej strony lub jej elementu,<\/li>\n<li>zg\u0142osi\u0107 \u017c\u0105danie zapewnienia dost\u0119pno\u015bci cyfrowej strony lub jej elementu,<\/li>\n<li>wnioskowa\u0107 o udost\u0119pnienie niedost\u0119pnej informacji w innej alternatywnej formie.<\/li>\n<\/ul>\n<p>\u017b\u0105danie musi zawiera\u0107:<\/p>\n<ul>\n<li>dane kontaktowe osoby zg\u0142aszaj\u0105cej,<\/li>\n<li>wskazanie strony lub elementu strony, kt\u00f3rej dotyczy \u017c\u0105danie,<\/li>\n<li>wskazanie dogodnej formy udost\u0119pnienia informacji, je\u015bli \u017c\u0105danie dotyczy udost\u0119pnienia w formie alternatywnej informacji niedost\u0119pnej.<\/li>\n<\/ul>\n<p>Rozpatrzenie zg\u0142oszenia powinno nast\u0105pi\u0107 niezw\u0142ocznie, najp\u00f3\u017aniej w ci\u0105gu 7 dni. Je\u015bli w tym terminie zapewnienie dost\u0119pno\u015bci albo zapewnienie dost\u0119pu w alternatywnej formie nie jest mo\u017cliwe, powinno nast\u0105pi\u0107 najdalej w ci\u0105gu 2 miesi\u0119cy od daty zg\u0142oszenia.<\/p>\n<h3>Skargi i odwo\u0142ania<\/h3>\n<p>Na niedotrzymanie tych termin\u00f3w oraz na odmow\u0119 realizacji \u017c\u0105dania mo\u017cna z\u0142o\u017cy\u0107 skarg\u0119 do organu nadzoruj\u0105cego poczt\u0105 lub drog\u0105 elektroniczn\u0105 na adres:<\/p>\n<ul>\n<li>Organ nadzoruj\u0105cy: Siemianowickie Centrum Kultury Dyrektor Marek Banasik<\/li>\n<li>Adres: ul. Niepodleg\u0142o\u015bci 45<br \/>\n41-106 Siemianowice \u015al\u0105skie<\/li>\n<li>E-mail: sekretariat@siemck.pl<\/li>\n<li>Telefon: 322287280<\/li>\n<\/ul>\n<p>Skarg\u0119 mo\u017cna z\u0142o\u017cy\u0107 r\u00f3wnie\u017c do <a href=\"https:\/\/www.rpo.gov.pl\/content\/jak-zglosic-sie-do-rzecznika-praw-obywatelskich\">Rzecznika Praw Obywatelskich<\/a>.<\/p>\n<h2 id=\"a11y-architektura\">Dost\u0119pno\u015b\u0107 architektoniczna<\/h2>\n<h3><strong>H3 Budynek Siemianowickiego Centrum Kultury Bytk\u00f3w przy ul. Niepodleg\u0142o\u015bci 45<\/strong><strong>\u00a0<\/strong><\/h3>\n<p style=\"text-align: justify;\">Obiekt usytuowany nieopodal przystanku autobusowego oraz bezpiecznego przej\u015bcia dla pieszych. Przystanek autobusowy oznakowany jest w spos\u00f3b widoczny, autobusy zatrzymuj\u0105 si\u0119 tu\u017c przy stanowisku przystankowym, linia kraw\u0119\u017cnika jest w bezpieczny spos\u00f3b odr\u00f3\u017cniona od jezdni.<\/p>\n<p style=\"text-align: justify;\">Budynek jest widocznie oznakowany tablic\u0105 informacyjn\u0105.<\/p>\n<p style=\"text-align: justify;\">Boczne wej\u015bcie do obiektu ma zniwelowan\u0105 r\u00f3\u017cnic\u0119 poziom\u00f3w i szerokie drzwi (2 metry), brak przeszk\u00f3d dla os\u00f3b poruszaj\u0105cych si\u0119 na w\u00f3zkach.<\/p>\n<p style=\"text-align: justify;\">Na parterze budynku jest recepcja usytuowana blisko g\u0142\u00f3wnego wej\u015bcia do obiektu. W zwi\u0105zku z brakiem windy w budynku i mo\u017cliwo\u015bci dotarcia na pierwsze pi\u0119tro (tam znajduje si\u0119 biuro i dyrekcja SCK) osobom poruszaj\u0105cym si\u0119 na w\u00f3zkach, w razie potrzeby b\u0119dzie udzielona asysta lub pomoc.<\/p>\n<p style=\"text-align: justify;\">Do g\u0142\u00f3wnego wej\u015bcia budynku prowadz\u0105 schody i nie ma pochylni, co utrudnia dost\u0119pno\u015b\u0107 dla os\u00f3b niepe\u0142nosprawnych, zw\u0142aszcza poruszaj\u0105cych si\u0119 na w\u00f3zkach. Drzwi wej\u015bciowe maj\u0105 charakter zabytkowy i s\u0105 do\u015b\u0107 ci\u0119\u017ckie. Trudno otworzy\u0107 je jedn\u0105 r\u0119k\u0105 w pozycji siedz\u0105cej.<\/p>\n<p style=\"text-align: justify;\">Przed g\u0142\u00f3wnym wej\u015bciem do budynku na \u015bcianie po prawej stronie na wysoko\u015bci 1,0 m znajduje si\u0119 dzwonek w celu wezwania asysty w przypadku pojawienia si\u0119 trudno\u015bci z wej\u015bciem do budynku.<\/p>\n<p style=\"text-align: justify;\">Wej\u015bcie od strony sali wydarze\u0144 ma zniwelowane r\u00f3\u017cnice poziom\u00f3w i jest\u00a0 dost\u0119pne po wezwaniu asysty za\u00a0pomoc\u0105 dzwonka.<\/p>\n<p style=\"text-align: justify;\">Schody zewn\u0119trzne s\u0105 kontrastowo oznakowane na pierwszym i ostatnim stopniu.<\/p>\n<p style=\"text-align: justify;\">Budynek jest obiektem 4 kondygnacyjnym.<\/p>\n<p style=\"text-align: justify;\">W ramach jednej kondygnacji znajduj\u0105 si\u0119 zmiany poziom\u00f3w.<\/p>\n<p style=\"text-align: justify;\">Do cel\u00f3w kulturalnych przeznaczony jest parter (poziom 0) oraz pi\u0119tro (poziom1)<\/p>\n<p style=\"text-align: justify;\">Do budynku mo\u017cna wej\u015b\u0107 z psem asystuj\u0105cym i psem przewodnikiem.<\/p>\n<p style=\"text-align: justify;\">W budynku nie ma oznacze\u0144 w alfabecie Braille`a oraz p\u0119tli indukcyjnych.<\/p>\n<p style=\"text-align: justify;\">Zlokalizowana na parterze sala widowiskowa jest przestronna i dost\u0119pna dla\u00a0w\u00f3zk\u00f3w inwalidzkich i\u00a0os\u00f3b poruszaj\u0105cych si\u0119 o kulach.<\/p>\n<p style=\"text-align: justify;\">Krzes\u0142a nie s\u0105 na sta\u0142e przytwierdzone do powierzchni, co u\u0142atwia wjazd na sal\u0119 w\u00f3zk\u00f3w i korzystania osobom z niepe\u0142nosprawno\u015bci\u0105 ruchow\u0105 z powierzchni audytoryjnej na r\u00f3wni z innymi u\u017cytkownikami.<\/p>\n<p style=\"text-align: justify;\">Sala jest r\u00f3wnomiernie o\u015bwietlona i pozbawiona nieprzewidywalnych barier.<\/p>\n<p style=\"text-align: justify;\">Niemo\u017cliwy jest wjazd w\u00f3zk\u00f3w inwalidzkich na scen\u0119.<\/p>\n<p style=\"text-align: justify;\">Budynku nie wyposa\u017cono w systemy powiadamiania SOS, w przypadku zdarzenia wypadkowego.<\/p>\n<p style=\"text-align: justify;\">W budynku nie ma windy, kt\u00f3r\u0105 mo\u017cna omin\u0105\u0107 schody. Por\u0119cz znajduje si\u0119 jedynie po jednej stronie schod\u00f3w.<\/p>\n<p style=\"text-align: justify;\">Osoby poruszaj\u0105ce z pomoc\u0105 kul i w\u00f3zka inwalidzkiego mog\u0105 korzysta\u0107 jedynie z\u00a0parterowej cz\u0119\u015bci obiektu.<\/p>\n<p style=\"text-align: justify;\">Schody wewn\u0119trzne s\u0105 oznakowane kontrastowo na pierwszym i ostatnim stopniu, drzwi \u00a0wewn\u0119trzne nie kontrastuj\u0105 z\u00a0framugami i \u015bcian\u0105.<\/p>\n<p style=\"text-align: justify;\">Brak systemu powiadamiania ewakuacyjnego dost\u0119pnego dla os\u00f3b z\u00a0niepe\u0142nosprawno\u015bci\u0105 sensoryczn\u0105 \u2013 d\u017awi\u0119kowego i \u015bwietlnego \u2013 oraz planu ewakuacji os\u00f3b z niepe\u0142nosprawno\u015bci\u0105.<\/p>\n<p style=\"text-align: justify;\">W budynku znajduje si\u0119 odpowiednio oznakowana toaleta dla os\u00f3b z niepe\u0142nosprawno\u015bci\u0105 zlokalizowana na parterze (poziom 0). W toalecie brakuje instalacji przywo\u0142awczo-alarmowej.<\/p>\n<p style=\"text-align: justify;\">Miejsca parkingowe dla os\u00f3b niepe\u0142nosprawnych znajduje si\u0119 z ty\u0142u budynku oko\u0142o 60 m od wej\u015bcia g\u0142\u00f3wnego.<\/p>\n<h3><strong>H3 Budynek Siemianowickiego Centrum Kultury Park Tradycji przy ul. Orzeszkowej 12<\/strong><\/h3>\n<p style=\"text-align: justify;\">Budynek zosta\u0142 zaadaptowany po by\u0142ej maszynowni kopalni \u201eMicha\u0142\u201d i st\u0105d ma charakter postindustrialny. Przed wej\u015bciem do budynku znajduj\u0105 si\u0119 dwa szerokie i oznakowane miejsca parkingowe, dostosowane dla zmotoryzowanych os\u00f3b niepe\u0142nosprawnych. Przejazd w\u00f3zkiem bezpo\u015brednio z parkingu do obiektu wymaga pokonania stopnia (kraw\u0119\u017cnika).<\/p>\n<p style=\"text-align: justify;\">W budynku dost\u0119pny jest przeno\u015bny podjazd dla os\u00f3b ze szczeg\u00f3lnymi potrzebami umo\u017cliwiaj\u0105cy pokonanie stopnia przy miejscu parkingowym ustawiany w razie potrzeby przez pracownika SCK. W godzinach zamkni\u0119cia SCK Parku Tradycji, samodzielny wjazd w\u00f3zkiem inwalidzkim z parkingu, mo\u017cliwy jest przy tylnej cz\u0119\u015bci budynku z ulicy na chodnik, gdzie znacz\u0105co obni\u017cony jest stopie\u0144 (kraw\u0119\u017cnik).<\/p>\n<p style=\"text-align: justify;\">Budynek jest obiektem 4-kondygnacyjnym.<\/p>\n<p style=\"text-align: justify;\">Toaleta dla os\u00f3b poruszaj\u0105cych si\u0119 na w\u00f3zkach znajduje si\u0119 na parterze (poziom 0).<\/p>\n<p style=\"text-align: justify;\">Do budynku mo\u017cna wej\u015b\u0107 z psem asystuj\u0105cym lub psem przewodnikiem.<\/p>\n<p style=\"text-align: justify;\">W budynku nie ma oznacze\u0144 w alfabecie Braille`a oraz p\u0119tli indukcyjnych.<\/p>\n<p style=\"text-align: justify;\">Na g\u0142\u00f3wnej drodze znajduj\u0105 si\u0119 tablice wskazuj\u0105ce, jak dojecha\u0107 do obiektu.<\/p>\n<p style=\"text-align: justify;\">Do najbli\u017cszego przystanku autobusowego jest ok. 100 m.<\/p>\n<p style=\"text-align: justify;\">Wej\u015bcie g\u0142\u00f3wne jest dost\u0119pne dla os\u00f3b niepe\u0142nosprawnych, nie ma pochylni, wszystko usytuowane jest na jednym poziomie.<\/p>\n<p style=\"text-align: justify;\">Drzwi s\u0105 szerokie, bez prog\u00f3w, dost\u0119pne dla os\u00f3b poruszaj\u0105cych si\u0119 na w\u00f3zkach inwalidzkich, klamki drzwi zewn\u0119trznych s\u0105 ergonomiczne, drzwi otwieraj\u0105 si\u0119 \u0142atwo, a przy wydarzeniach w sezonie letnim otwarte s\u0105 na o\u015bcie\u017c.<\/p>\n<p style=\"text-align: justify;\">Punkt obs\u0142ugi (szatnia, kasa, recepcja) znajduje si\u0119 blisko wej\u015bcia. Lada z szatni nie jest na \u017cadnym odcinku, obni\u017cona poni\u017cej 0,8 metra,<\/p>\n<p style=\"text-align: justify;\">W budynku nie ma wyr\u00f3\u017cnionych kolorystycznie futryn drzwi wewn\u0119trznych.<\/p>\n<p style=\"text-align: justify;\">W budynku nie ma plansz z informacj\u0105 o tym, na kt\u00f3rym pi\u0119trze znajduj\u0105 si\u0119 sale i jak mo\u017cna do nich dotrze\u0107, droga do toalety nie jest oznakowana.<\/p>\n<p style=\"text-align: justify;\">W obiekcie znajduje si\u0119 toaleta przeznaczona dla os\u00f3b z niepe\u0142nosprawno\u015bci\u0105, oznaczona odpowiednim piktogramem.<\/p>\n<p style=\"text-align: justify;\">Toaleta ma wystarczaj\u0105c\u0105 przestrze\u0144 manewrow\u0105 (1,5\/1,5 m), ale brakuje w niej komfortowej przestrzeni przesiadkowej.<\/p>\n<p style=\"text-align: justify;\">Na wysoko\u015bci dost\u0119pnej dla os\u00f3b niskoros\u0142ych lub poruszaj\u0105cych si\u0119 na w\u00f3zku (80-120 cm) umieszczono lustro i podajnik papieru i p\u0142ynu do dezynfekcji. Wy\u0142\u0105cznik \u015bwiat\u0142a umieszczono na\u00a0wysoko\u015bci 100 cm. W toalecie nie zainstalowano przycisku alarmowego dla os\u00f3b niepe\u0142nosprawnych.<\/p>\n<p style=\"text-align: justify;\">W budynku znajduje si\u0119 winda, kt\u00f3r\u0105 mo\u017cna omin\u0105\u0107 schody i dotrze\u0107 do ka\u017cdego pi\u0119tra w obiekcie. Szeroko\u015b\u0107 windy umo\u017cliwia korzystanie z niej osobie na w\u00f3zku inwalidzkim. Winda nie informuje g\u0142osowo o numerach pi\u0119ter.<\/p>\n<p style=\"text-align: justify;\">W budynku nie ma oznacze\u0144 w alfabecie Braille`a oraz p\u0119tli indukcyjnych.<\/p>\n<p style=\"text-align: justify;\">Do budynku mo\u017cna wej\u015b\u0107 z psem asystuj\u0105cym lub psem przewodnikiem.<\/p>\n<h3><strong>H3 Budynek Siemianowickiego Centrum Kultury Willa Fitznera przy ul. Fitzner\u00f3w 3<\/strong><\/h3>\n<p style=\"text-align: justify;\">Budynek jest obiektem 4-kondygnacyjnym.<\/p>\n<p style=\"text-align: justify;\">Charakter kulturalny pe\u0142ni jedynie parter budynku (poziom 0).<\/p>\n<p style=\"text-align: justify;\">Budynek usytuowany w centrum, nieopodal przej\u015bcia dla pieszych i przystanku komunikacji miejskiej, oznakowany tablic\u0105 informacyjn\u0105 i \u0142atwo dost\u0119pny.<\/p>\n<p style=\"text-align: justify;\">Budynek jest zabytkowy, co sprawia, \u017ce jest w nim wiele barier dost\u0119pno\u015bci.<\/p>\n<p style=\"text-align: justify;\">G\u0142\u00f3wne wej\u015bcie do obiektu, ze wzgl\u0119du na schody, nie jest dost\u0119pne dla os\u00f3b z niepe\u0142nosprawno\u015bci\u0105. Schody nie s\u0105 oznaczone kontrastowo.<\/p>\n<p style=\"text-align: justify;\">Wej\u015bcie od podw\u00f3rza zosta\u0142o wyposa\u017cone w wind\u0119 dla w\u00f3zk\u00f3w inwalidzkich.<\/p>\n<p style=\"text-align: justify;\">W pobli\u017cu wej\u015bcia dla os\u00f3b niepe\u0142nosprawnych nie ma wyznaczonych miejsc parkingowych dla os\u00f3b niepe\u0142nosprawnych.<\/p>\n<p style=\"text-align: justify;\">W budynku znajduje si\u0119 recepcja, usytuowana nieopodal wej\u015bcia, co u\u0142atwia obs\u0142ug\u0119 os\u00f3b z niepe\u0142nosprawno\u015bci\u0105. Lada przy recepcji jest zabytkowa i ma wysoko\u015b\u0107 94 cm, co utrudnia obs\u0142ug\u0119 os\u00f3b na w\u00f3zku inwalidzkim.<\/p>\n<p style=\"text-align: justify;\">W budynku jest toaleta dostosowana dla os\u00f3b niepe\u0142nosprawnych oznakowana odpowiednim piktogramem znajduje si\u0119 na parterze. Toaleta nie posiada przestrzeni manewrowej w wielko\u015bci 1,5m na 1,5 oraz powierzchni przesiadkowej o szeroko\u015bci co najmniej 0,9 m przynajmniej z jednej strony miski ust\u0119powej.<\/p>\n<p style=\"text-align: justify;\">W budynku nie ma oznacze\u0144 w alfabecie Braille`a oraz p\u0119tli indukcyjnych.<\/p>\n<p style=\"text-align: justify;\">Do budynku mo\u017cna wej\u015b\u0107 z psem asystuj\u0105cym lub psem przewodnikiem.<\/p>\n<h3><strong>H3 Budynek Siemianowickiego Centrum Kultury Jarz\u0119bina przy ul. Wierzbowej 2 <\/strong><\/h3>\n<p style=\"text-align: justify;\">Obiekt oddalony jest oko\u0142o 250 m od najbli\u017cszego przystanku komunikacji miejskiej, droga z przystanku do obiektu prowadzi w\u0105skimi dr\u00f3\u017ckami osiedlowymi.<\/p>\n<p style=\"text-align: justify;\">Budynek jest obiektem 1-kondygnacyjnym.<\/p>\n<p style=\"text-align: justify;\">Budynek dedykowany jest g\u0142\u00f3wnie osobom starszym do\u015bwiadczaj\u0105cym niepe\u0142nosprawno\u015bci i\u00a0wprowadzono w nim liczne udogodnienia dla os\u00f3b z niepe\u0142nosprawno\u015bci\u0105.<\/p>\n<p style=\"text-align: justify;\">Wej\u015bcie g\u0142\u00f3wne posiada drzwi wyposa\u017cone we wspomagany mechanizm otwierania.<\/p>\n<p style=\"text-align: justify;\">Schody przed wej\u015bciem g\u0142\u00f3wnym s\u0105 oznakowane kontrastowo na pierwszym i ostatnim schodku, nie\u00a0posiadaj\u0105 por\u0119czy po stronie \u015bciany.<\/p>\n<p style=\"text-align: justify;\">Tylne wej\u015bcie wyposa\u017cone jest w podjazd. Doj\u015bcie do budynku ma szeroko\u015b\u0107 min. 1,5 m, pochylnia ma szeroko\u015b\u0107 1,2 m. Pochylnia posiada po bokach kraw\u0119\u017cniki o wysoko\u015bci minimum 7 cm. Odst\u0119p mi\u0119dzy por\u0119czami pochylni wynosi 1-1,1 m. Por\u0119cze pochylni\u00a0 zainstalowane s\u0105 na wysoko\u015bci 0,9 m i\u00a00,75 m od poziomu pochylni. Pocz\u0105tek i koniec pochylni s\u0105 oznaczone kontrastowo.<\/p>\n<p style=\"text-align: justify;\">W obiekcie znajduje si\u0119 toaleta dostosowana dla os\u00f3b niepe\u0142nosprawnych. Toaleta posiada odpowiedni\u0105 powierzchni\u0119 manewrow\u0105 i przesiadkow\u0105. W\u0142\u0105cznik \u015bwiat\u0142a jest na wysoko\u015bci odpowiedniej dla osoby poruszaj\u0105cej si\u0119 na w\u00f3zku.<\/p>\n<p style=\"text-align: justify;\">W budynku nie ma oznacze\u0144 w alfabecie Braille`a oraz p\u0119tli indukcyjnych.<\/p>\n<p style=\"text-align: justify;\">Do budynku mo\u017cna wej\u015b\u0107 z psem asystuj\u0105cym lub psem przewodnikiem.<\/p>\n<p style=\"text-align: justify;\">Dwa miejsca parkingowe dla os\u00f3b niepe\u0142nosprawnych znajduj\u0105 si\u0119 ok. 30 m od wej\u015bciu do budynku.<\/p>\n<h3><strong>H3 Budynek Siemianowickiego Centrum Kultury przy ul. O\u015bwi\u0119cimskiej 1 \u2013 Pa\u0142ac Rheinbaben\u00f3w<\/strong><\/h3>\n<p>Obiekt po\u0142o\u017cony jest w przestrzeni parkowej, z dogodnym doj\u015bciem z okolicznych parking\u00f3w i oddalonych o oko\u0142o 100 do 300 m przystank\u00f3w komunikacji publicznej.<\/p>\n<p style=\"text-align: justify;\">Budynek posiada dwa wej\u015bcia. Wej\u015bcie g\u0142\u00f3wne do budynku znajduje si\u0119 na elewacji frontowej naprzeciw fontanny. Wej\u015bcie na schody poprzedzono pasem uwagi dla os\u00f3b niewidomych i\u00a0niedowidz\u0105cych na ca\u0142ej ich szeroko\u015bci sygnalizuj\u0105c przy okazji wej\u015bcie na jezdni\u0119 i zej\u015bcie z jezdni poprowadzonej przed obiektem<\/p>\n<p style=\"text-align: justify;\">Drugie wej\u015bcie wyposa\u017cone w wind\u0119 dla os\u00f3b niepe\u0142nosprawnych znajduje si\u0119 przy tarasie na elewacji tylnej &#8211; od strony parku, do kt\u00f3rego mo\u017cna dotrze\u0107 obchodz\u0105c budynek z dowolnej strony lub bezpo\u015brednio z parku.<\/p>\n<p style=\"text-align: justify;\">Na windzie dla os\u00f3b niepe\u0142nosprawnych z lewej strony na wysoko\u015bci 1,0 m umieszczony jest dzwonek oznaczony \u017c\u00f3\u0142tym polem w celu wezwania asysty.<\/p>\n<p style=\"text-align: justify;\">Budynek jest obiektem 5-kondygnacyjnym.<\/p>\n<h3><strong>H3 Amfiteatr Siemianowickiego Centrum Kultury przy ul. Chopina 1 <\/strong><\/h3>\n<p style=\"text-align: justify;\">G\u0142\u00f3wne wej\u015bcia do obiektu s\u0105 dost\u0119pne dla os\u00f3b z\u00a0niepe\u0142nosprawno\u015bci\u0105 wy\u0142\u0105cznie z osobami asystuj\u0105cymi, gdy\u017c wiod\u0105ce do niego podjazdy zosta\u0142y wkomponowane w istniej\u0105ce wcze\u015bniej schody.<\/p>\n<p style=\"text-align: justify;\">Osobom z niepe\u0142nosprawno\u015bci\u0105 udost\u0119pniane jest wej\u015bcie od strony sceny, nie jest ono jednak zupe\u0142nie dost\u0119pne dla w\u00f3zk\u00f3w inwalidzkich, gdy\u017c dojazd po sam\u0105 scen\u0119 wymaga pokonania stopni.<\/p>\n<p style=\"text-align: justify;\">Asfalt w obiekcie jest w wielu miejscach wybrzuszony, co uniemo\u017cliwia komfortowe poruszanie si\u0119 po obiekcie osobom z niepe\u0142nosprawno\u015bci\u0105.<\/p>\n<p style=\"text-align: justify;\">Amfiteatr posiada przej\u015bcia pomi\u0119dzy sektorami, kt\u00f3re wyposa\u017cone s\u0105 w schody, bez por\u0119czy.<\/p>\n<p style=\"text-align: justify;\">Oznakowanie miejsc siedz\u0105cych nie jest dost\u0119pne dla os\u00f3b niewidomych.<\/p>\n<p style=\"text-align: justify;\">Scena jest trudnodost\u0119pna dla os\u00f3b poruszaj\u0105cych si\u0119 na w\u00f3zkach inwalidzkich z uwagi na nier\u00f3wno\u015b\u0107 terenu (pr\u00f3g) przekraczaj\u0105cy 2 cm.<\/p>\n<p style=\"text-align: justify;\">Toalety w obiekcie s\u0105 przeno\u015bne.<\/p>\n<p style=\"text-align: justify;\">Obiekt nie jest wyposa\u017cony w p\u0119tl\u0119 indukcyjn\u0105.<\/p>\n<p style=\"text-align: justify;\">Do budynku mo\u017cna wej\u015b\u0107 z psem asystuj\u0105cym lub psem przewodnikiem.<\/p>\n<p style=\"text-align: justify;\">W sprawie ustalenia asysty w Amfiteatrze nale\u017cy si\u0119 kontaktowa\u0107 telefonicznie pod numer 32 2287280 lub mailowo na adres sekretariat@siemck.pl<\/p>\n","protected":false},"excerpt":{"rendered":"<p>Deklaracja dost\u0119pno\u015bci Siemianowickiego Centrum Kultury Siemianowickie Centrum Kultury zobowi\u0105zuje si\u0119 zapewni\u0107 dost\u0119pno\u015b\u0107 swojej strony internetowej zgodnie z przepisami ustawy z dnia 4\u00a0kwietnia 2019\u00a0r. o\u00a0dost\u0119pno\u015bci cyfrowej stron internetowych i\u00a0aplikacji mobilnych podmiot\u00f3w publicznych. O\u015bwiadczenie w sprawie dost\u0119pno\u015bci ma zastosowanie do strony internetowej Siemianowickiego Centrum Kultury. Data publikacji strony internetowej: 2017-04-06 Data ostatniej istotnej aktualizacji: 2023-03-30 Status pod [&hellip;]<\/p>\n","protected":false},"author":9,"featured_media":0,"parent":0,"menu_order":0,"comment_status":"closed","ping_status":"closed","template":"page_fullwidth.php","meta":[],"_links":{"self":[{"href":"https:\/\/www.siemck.pl\/wp-json\/wp\/v2\/pages\/15349"}],"collection":[{"href":"https:\/\/www.siemck.pl\/wp-json\/wp\/v2\/pages"}],"about":[{"href":"https:\/\/www.siemck.pl\/wp-json\/wp\/v2\/types\/page"}],"author":[{"embeddable":true,"href":"https:\/\/www.siemck.pl\/wp-json\/wp\/v2\/users\/9"}],"replies":[{"embeddable":true,"href":"https:\/\/www.siemck.pl\/wp-json\/wp\/v2\/comments?post=15349"}],"version-history":[{"count":19,"href":"https:\/\/www.siemck.pl\/wp-json\/wp\/v2\/pages\/15349\/revisions"}],"predecessor-version":[{"id":24503,"href":"https:\/\/www.siemck.pl\/wp-json\/wp\/v2\/pages\/15349\/revisions\/24503"}],"wp:attachment":[{"href":"https:\/\/www.siemck.pl\/wp-json\/wp\/v2\/media?parent=15349"}],"curies":[{"name":"wp","href":"https:\/\/api.w.org\/{rel}","templated":true}]}}